{"version":"1.0","provider_name":"Volar","provider_url":"https:\/\/www.euroresidentes.com\/viajes\/volar","author_name":"Euroresidentes","author_url":"https:\/\/www.euroresidentes.com\/viajes\/volar\/author\/euroresidentes\/","title":"Fusi\u00f3n entre Iberia y British Airways - Volar","type":"rich","width":600,"height":338,"html":"<blockquote class=\"wp-embedded-content\" data-secret=\"MqfsKdQHUO\"><a href=\"https:\/\/www.euroresidentes.com\/viajes\/volar\/fusion-entre-iberia-y-british-airways-2\/\">Fusi\u00f3n entre Iberia y British Airways<\/a><\/blockquote><iframe sandbox=\"allow-scripts\" security=\"restricted\" src=\"https:\/\/www.euroresidentes.com\/viajes\/volar\/fusion-entre-iberia-y-british-airways-2\/embed\/#?secret=MqfsKdQHUO\" width=\"600\" height=\"338\" title=\"\u00abFusi\u00f3n entre Iberia y British Airways\u00bb \u2014 Volar\" data-secret=\"MqfsKdQHUO\" frameborder=\"0\" marginwidth=\"0\" marginheight=\"0\" scrolling=\"no\" class=\"wp-embedded-content\"><\/iframe><script type=\"text\/javascript\">\n\/* <![CDATA[ *\/\n\/*! This file is auto-generated *\/\n!function(d,l){\"use strict\";l.querySelector&&d.addEventListener&&\"undefined\"!=typeof URL&&(d.wp=d.wp||{},d.wp.receiveEmbedMessage||(d.wp.receiveEmbedMessage=function(e){var t=e.data;if((t||t.secret||t.message||t.value)&&!\/[^a-zA-Z0-9]\/.test(t.secret)){for(var s,r,n,a=l.querySelectorAll('iframe[data-secret=\"'+t.secret+'\"]'),o=l.querySelectorAll('blockquote[data-secret=\"'+t.secret+'\"]'),c=new RegExp(\"^https?:$\",\"i\"),i=0;i<o.length;i++)o[i].style.display=\"none\";for(i=0;i<a.length;i++)s=a[i],e.source===s.contentWindow&&(s.removeAttribute(\"style\"),\"height\"===t.message?(1e3<(r=parseInt(t.value,10))?r=1e3:~~r<200&&(r=200),s.height=r):\"link\"===t.message&&(r=new URL(s.getAttribute(\"src\")),n=new URL(t.value),c.test(n.protocol))&&n.host===r.host&&l.activeElement===s&&(d.top.location.href=t.value))}},d.addEventListener(\"message\",d.wp.receiveEmbedMessage,!1),l.addEventListener(\"DOMContentLoaded\",function(){for(var e,t,s=l.querySelectorAll(\"iframe.wp-embedded-content\"),r=0;r<s.length;r++)(t=(e=s[r]).getAttribute(\"data-secret\"))||(t=Math.random().toString(36).substring(2,12),e.src+=\"#?secret=\"+t,e.setAttribute(\"data-secret\",t)),e.contentWindow.postMessage({message:\"ready\",secret:t},\"*\")},!1)))}(window,document);\n\/* ]]> *\/\n<\/script>\n","description":"Seg\u00fan ha afirmado el Secretario de Transporte, el gobierno brit\u00e1nico no evitar\u00e1 que British Airways (BA) se convierta en una compa\u00f1\u00eda espa\u00f1ola como resultado de la fusi\u00f3n con Iberia. Se cree que BA e Iberia, la aerol\u00ednea insignia espa\u00f1ola, est\u00e1n a punto de cerrar los t\u00e9rminos de un acuerdo de fusi\u00f3n en las negociaciones que han estado manteniendo de forma continuada desde julio. No obstante, es probable que tras la fusi\u00f3n ambas aerol\u00edneas contin\u00faen funcionando como marcas independientes bajo una nueva compa\u00f1\u00eda, aunque todav\u00eda se desconoce si esta empresa matriz se establecer\u00e1 en Espa\u00f1a o en Gran Breta\u00f1a. Seg\u00fan ha"}