{"version":"1.0","provider_name":"Volar","provider_url":"https:\/\/www.euroresidentes.com\/viajes\/volar","author_name":"Euroresidentes","author_url":"https:\/\/www.euroresidentes.com\/viajes\/volar\/author\/euroresidentes\/","title":"\u00bfHa sido 2014 un a\u00f1o tr\u00e1gico para la aviaci\u00f3n? - Volar","type":"rich","width":600,"height":338,"html":"<blockquote class=\"wp-embedded-content\" data-secret=\"ffxGRZVLZs\"><a href=\"https:\/\/www.euroresidentes.com\/viajes\/volar\/2014-ano-tragico-aviacion\/\">\u00bfHa sido 2014 un a\u00f1o tr\u00e1gico para la aviaci\u00f3n?<\/a><\/blockquote><iframe sandbox=\"allow-scripts\" security=\"restricted\" src=\"https:\/\/www.euroresidentes.com\/viajes\/volar\/2014-ano-tragico-aviacion\/embed\/#?secret=ffxGRZVLZs\" width=\"600\" height=\"338\" title=\"\u00ab\u00bfHa sido 2014 un a\u00f1o tr\u00e1gico para la aviaci\u00f3n?\u00bb \u2014 Volar\" data-secret=\"ffxGRZVLZs\" frameborder=\"0\" marginwidth=\"0\" marginheight=\"0\" scrolling=\"no\" class=\"wp-embedded-content\"><\/iframe><script type=\"text\/javascript\">\n\/* <![CDATA[ *\/\n\/*! This file is auto-generated *\/\n!function(d,l){\"use strict\";l.querySelector&&d.addEventListener&&\"undefined\"!=typeof URL&&(d.wp=d.wp||{},d.wp.receiveEmbedMessage||(d.wp.receiveEmbedMessage=function(e){var t=e.data;if((t||t.secret||t.message||t.value)&&!\/[^a-zA-Z0-9]\/.test(t.secret)){for(var s,r,n,a=l.querySelectorAll('iframe[data-secret=\"'+t.secret+'\"]'),o=l.querySelectorAll('blockquote[data-secret=\"'+t.secret+'\"]'),c=new RegExp(\"^https?:$\",\"i\"),i=0;i<o.length;i++)o[i].style.display=\"none\";for(i=0;i<a.length;i++)s=a[i],e.source===s.contentWindow&&(s.removeAttribute(\"style\"),\"height\"===t.message?(1e3<(r=parseInt(t.value,10))?r=1e3:~~r<200&&(r=200),s.height=r):\"link\"===t.message&&(r=new URL(s.getAttribute(\"src\")),n=new URL(t.value),c.test(n.protocol))&&n.host===r.host&&l.activeElement===s&&(d.top.location.href=t.value))}},d.addEventListener(\"message\",d.wp.receiveEmbedMessage,!1),l.addEventListener(\"DOMContentLoaded\",function(){for(var e,t,s=l.querySelectorAll(\"iframe.wp-embedded-content\"),r=0;r<s.length;r++)(t=(e=s[r]).getAttribute(\"data-secret\"))||(t=Math.random().toString(36).substring(2,12),e.src+=\"#?secret=\"+t,e.setAttribute(\"data-secret\",t)),e.contentWindow.postMessage({message:\"ready\",secret:t},\"*\")},!1)))}(window,document);\n\/* ]]> *\/\n<\/script>\n","thumbnail_url":"https:\/\/www.euroresidentes.com\/viajes\/volar\/wp-content\/uploads\/sites\/2\/2015\/01\/muertes-anuales-avion.jpg","thumbnail_width":640,"thumbnail_height":360,"description":"MH370, MH17, Air Alg\u00e9ire 5017 y finalmente la desaparici\u00f3n del vuelo 8501 de AirAsia entre Indonesia y Singapur el 28 de diciembre pone fin a un a\u00f1o ins\u00f3lito para la aviaci\u00f3n. \u00bfPodr\u00eda considerarse 2014 el peor a\u00f1o de la historia reciente de la aviaci\u00f3n? S\u00ed y no, depende de c\u00f3mo definamos \u00abpeor\u00bb. 2014: el menor n\u00famero de accidentes (en los \u00faltimos 80 a\u00f1os) y al mismo mayor n\u00famero de cat\u00e1strofes (muertes) desde 2005. ACCIDENTES de aviones en 2014 Seg\u00fan el Bureau of Aircraft Accidents Archieves (BAAA), departamento con base en Ginebra que se encarga de registrar los accidentes a\u00e9reos, 2014"}