{"version":"1.0","provider_name":"Viajar","provider_url":"https:\/\/www.euroresidentes.com\/viajes\/viajar","author_name":"Euroresidentes","author_url":"https:\/\/www.euroresidentes.com\/viajes\/viajar\/author\/euroresidentes\/","title":"Aracena, la cuna del jam\u00f3n - Viajar","type":"rich","width":600,"height":338,"html":"<blockquote class=\"wp-embedded-content\" data-secret=\"222D2PjHdd\"><a href=\"https:\/\/www.euroresidentes.com\/viajes\/viajar\/aracena-la-cuna-del-jamon\/\">Aracena, la cuna del jam\u00f3n<\/a><\/blockquote><iframe sandbox=\"allow-scripts\" security=\"restricted\" src=\"https:\/\/www.euroresidentes.com\/viajes\/viajar\/aracena-la-cuna-del-jamon\/embed\/#?secret=222D2PjHdd\" width=\"600\" height=\"338\" title=\"\u00abAracena, la cuna del jam\u00f3n\u00bb \u2014 Viajar\" data-secret=\"222D2PjHdd\" frameborder=\"0\" marginwidth=\"0\" marginheight=\"0\" scrolling=\"no\" class=\"wp-embedded-content\"><\/iframe><script type=\"text\/javascript\">\n\/* <![CDATA[ *\/\n\/*! This file is auto-generated *\/\n!function(d,l){\"use strict\";l.querySelector&&d.addEventListener&&\"undefined\"!=typeof URL&&(d.wp=d.wp||{},d.wp.receiveEmbedMessage||(d.wp.receiveEmbedMessage=function(e){var t=e.data;if((t||t.secret||t.message||t.value)&&!\/[^a-zA-Z0-9]\/.test(t.secret)){for(var s,r,n,a=l.querySelectorAll('iframe[data-secret=\"'+t.secret+'\"]'),o=l.querySelectorAll('blockquote[data-secret=\"'+t.secret+'\"]'),c=new RegExp(\"^https?:$\",\"i\"),i=0;i<o.length;i++)o[i].style.display=\"none\";for(i=0;i<a.length;i++)s=a[i],e.source===s.contentWindow&&(s.removeAttribute(\"style\"),\"height\"===t.message?(1e3<(r=parseInt(t.value,10))?r=1e3:~~r<200&&(r=200),s.height=r):\"link\"===t.message&&(r=new URL(s.getAttribute(\"src\")),n=new URL(t.value),c.test(n.protocol))&&n.host===r.host&&l.activeElement===s&&(d.top.location.href=t.value))}},d.addEventListener(\"message\",d.wp.receiveEmbedMessage,!1),l.addEventListener(\"DOMContentLoaded\",function(){for(var e,t,s=l.querySelectorAll(\"iframe.wp-embedded-content\"),r=0;r<s.length;r++)(t=(e=s[r]).getAttribute(\"data-secret\"))||(t=Math.random().toString(36).substring(2,12),e.src+=\"#?secret=\"+t,e.setAttribute(\"data-secret\",t)),e.contentWindow.postMessage({message:\"ready\",secret:t},\"*\")},!1)))}(window,document);\n\/* ]]> *\/\n<\/script>\n","thumbnail_url":"https:\/\/www.euroresidentes.com\/viajes\/viajar\/wp-content\/uploads\/sites\/3\/2010\/10\/110.jpg","thumbnail_width":320,"thumbnail_height":168,"description":"El d\u00eda siguiente de haber estado en el parque de Do\u00f1ana hicimos una excursi\u00f3n a Aracena. Estando en la provincia de Huelva, \u00bfc\u00f3mo no te vas a acercar al centro neur\u00e1lgico de la cr\u00eda del jam\u00f3n ib\u00e9rico de bellota? La ciudad, en lo alto de la serran\u00eda que lleva su nombre, est\u00e1 un poco alejada de Mazag\u00f3n, en cuyo Parador pernoct\u00e1bamos. A algo m\u00e1s de cien kil\u00f3metros. Pero la excursi\u00f3n vale la pena. Despu\u00e9s de atravesar los campos de fresas de Palos de la Frontera y de Moguer hay que coger una carretera que pasa por Rio Tinto, ya casi"}