{"version":"1.0","provider_name":"Nanotecnolog\u00eda","provider_url":"https:\/\/www.euroresidentes.com\/tecnologia\/nanotecnologia","author_name":"Euroresidentes","author_url":"https:\/\/www.euroresidentes.com\/tecnologia\/nanotecnologia\/author\/euroresidentes\/","title":"Nanotecnolog\u00eda en la opini\u00f3n p\u00fablica - Nanotecnolog\u00eda","type":"rich","width":600,"height":338,"html":"<blockquote class=\"wp-embedded-content\" data-secret=\"OM6ksY37M6\"><a href=\"https:\/\/www.euroresidentes.com\/tecnologia\/nanotecnologia\/nanotecnologa-en-la-opinin-pblica\/\">Nanotecnolog\u00eda en la opini\u00f3n p\u00fablica<\/a><\/blockquote><iframe sandbox=\"allow-scripts\" security=\"restricted\" src=\"https:\/\/www.euroresidentes.com\/tecnologia\/nanotecnologia\/nanotecnologa-en-la-opinin-pblica\/embed\/#?secret=OM6ksY37M6\" width=\"600\" height=\"338\" title=\"\u00abNanotecnolog\u00eda en la opini\u00f3n p\u00fablica\u00bb \u2014 Nanotecnolog\u00eda\" data-secret=\"OM6ksY37M6\" frameborder=\"0\" marginwidth=\"0\" marginheight=\"0\" scrolling=\"no\" class=\"wp-embedded-content\"><\/iframe><script type=\"text\/javascript\">\n\/* <![CDATA[ *\/\n\/*! This file is auto-generated *\/\n!function(d,l){\"use strict\";l.querySelector&&d.addEventListener&&\"undefined\"!=typeof URL&&(d.wp=d.wp||{},d.wp.receiveEmbedMessage||(d.wp.receiveEmbedMessage=function(e){var t=e.data;if((t||t.secret||t.message||t.value)&&!\/[^a-zA-Z0-9]\/.test(t.secret)){for(var s,r,n,a=l.querySelectorAll('iframe[data-secret=\"'+t.secret+'\"]'),o=l.querySelectorAll('blockquote[data-secret=\"'+t.secret+'\"]'),c=new RegExp(\"^https?:$\",\"i\"),i=0;i<o.length;i++)o[i].style.display=\"none\";for(i=0;i<a.length;i++)s=a[i],e.source===s.contentWindow&&(s.removeAttribute(\"style\"),\"height\"===t.message?(1e3<(r=parseInt(t.value,10))?r=1e3:~~r<200&&(r=200),s.height=r):\"link\"===t.message&&(r=new URL(s.getAttribute(\"src\")),n=new URL(t.value),c.test(n.protocol))&&n.host===r.host&&l.activeElement===s&&(d.top.location.href=t.value))}},d.addEventListener(\"message\",d.wp.receiveEmbedMessage,!1),l.addEventListener(\"DOMContentLoaded\",function(){for(var e,t,s=l.querySelectorAll(\"iframe.wp-embedded-content\"),r=0;r<s.length;r++)(t=(e=s[r]).getAttribute(\"data-secret\"))||(t=Math.random().toString(36).substring(2,12),e.src+=\"#?secret=\"+t,e.setAttribute(\"data-secret\",t)),e.contentWindow.postMessage({message:\"ready\",secret:t},\"*\")},!1)))}(window,document);\n\/* ]]> *\/\n<\/script>\n","description":"En el punto de mira: el primer panorama de la nanotecnolog\u00eda entre el p\u00fablico canadiense y el estadounidense En un estudio realizado por Edna Einsiedel, de la Universidad de Calgary, se descubri\u00f3 que el p\u00fablico de Canad\u00e1 y EEUU conf\u00eda mucho m\u00e1s en los nanocient\u00edficos que en los encargados de regular la nanotecnolog\u00eda. Alrededor de un cuarto de los encuestados afirmaban haber discutido sobre nanotecnolog\u00eda con anterioridad. Sobre un 70% estaban de acuerdo en que \u201cla nanotecnolog\u00eda ser\u00e1 una de las fuentes m\u00e1s importantes de curaciones y tratamientos sanitarios en el siglo XXI\u201d y alrededor de un 80% coincid\u00edan en"}