{"version":"1.0","provider_name":"Nanotecnolog\u00eda","provider_url":"https:\/\/www.euroresidentes.com\/tecnologia\/nanotecnologia","author_name":"Euroresidentes","author_url":"https:\/\/www.euroresidentes.com\/tecnologia\/nanotecnologia\/author\/euroresidentes\/","title":"Cidetec amplia instalaciones en el Pa\u00eds Vasco - Nanotecnolog\u00eda","type":"rich","width":600,"height":338,"html":"<blockquote class=\"wp-embedded-content\" data-secret=\"21jYSii6K4\"><a href=\"https:\/\/www.euroresidentes.com\/tecnologia\/nanotecnologia\/cidetec-amplia-instalaciones-en-el-pas\/\">Cidetec amplia instalaciones en el Pa\u00eds Vasco<\/a><\/blockquote><iframe sandbox=\"allow-scripts\" security=\"restricted\" src=\"https:\/\/www.euroresidentes.com\/tecnologia\/nanotecnologia\/cidetec-amplia-instalaciones-en-el-pas\/embed\/#?secret=21jYSii6K4\" width=\"600\" height=\"338\" title=\"\u00abCidetec amplia instalaciones en el Pa\u00eds Vasco\u00bb \u2014 Nanotecnolog\u00eda\" data-secret=\"21jYSii6K4\" frameborder=\"0\" marginwidth=\"0\" marginheight=\"0\" scrolling=\"no\" class=\"wp-embedded-content\"><\/iframe><script type=\"text\/javascript\">\n\/* <![CDATA[ *\/\n\/*! This file is auto-generated *\/\n!function(d,l){\"use strict\";l.querySelector&&d.addEventListener&&\"undefined\"!=typeof URL&&(d.wp=d.wp||{},d.wp.receiveEmbedMessage||(d.wp.receiveEmbedMessage=function(e){var t=e.data;if((t||t.secret||t.message||t.value)&&!\/[^a-zA-Z0-9]\/.test(t.secret)){for(var s,r,n,a=l.querySelectorAll('iframe[data-secret=\"'+t.secret+'\"]'),o=l.querySelectorAll('blockquote[data-secret=\"'+t.secret+'\"]'),c=new RegExp(\"^https?:$\",\"i\"),i=0;i<o.length;i++)o[i].style.display=\"none\";for(i=0;i<a.length;i++)s=a[i],e.source===s.contentWindow&&(s.removeAttribute(\"style\"),\"height\"===t.message?(1e3<(r=parseInt(t.value,10))?r=1e3:~~r<200&&(r=200),s.height=r):\"link\"===t.message&&(r=new URL(s.getAttribute(\"src\")),n=new URL(t.value),c.test(n.protocol))&&n.host===r.host&&l.activeElement===s&&(d.top.location.href=t.value))}},d.addEventListener(\"message\",d.wp.receiveEmbedMessage,!1),l.addEventListener(\"DOMContentLoaded\",function(){for(var e,t,s=l.querySelectorAll(\"iframe.wp-embedded-content\"),r=0;r<s.length;r++)(t=(e=s[r]).getAttribute(\"data-secret\"))||(t=Math.random().toString(36).substring(2,12),e.src+=\"#?secret=\"+t,e.setAttribute(\"data-secret\",t)),e.contentWindow.postMessage({message:\"ready\",secret:t},\"*\")},!1)))}(window,document);\n\/* ]]> *\/\n<\/script>\n","description":"La nanotecnolog\u00eda en el Pa\u00eds Vasco sigue su trayectoria ascendente, esta vez con las nuevas inversiones de Cidetec y nuevas instalaciones inauguradas. Investigaci\u00f3n en nanotecnolog\u00eda, pilas de hidr\u00f3geno, biosensores van a recibir el mayor impulso gracias a Cidetec, el nuevo centro de tecnolog\u00eda electroqu\u00edmica inaugurado en el Parque Tecnol\u00f3gico de Miramon, a las afueras de San Sebastian. La inversi\u00f3n requerida es de 6 millones de euros. Sus 1.500 metros cuadrados actuales se ampliar\u00e1n pr\u00f3ximamente con una nave industrial de 500 metros cuadrados para proyectos de demostraci\u00f3n. Javier Rodr\u00edguez, director de Cidetec, se\u00f1ala que son \u00abel \u00fanico centro tecnol\u00f3gico que existe"}