{"version":"1.0","provider_name":"Nanotecnolog\u00eda","provider_url":"https:\/\/www.euroresidentes.com\/tecnologia\/nanotecnologia","author_name":"Euroresidentes","author_url":"https:\/\/www.euroresidentes.com\/tecnologia\/nanotecnologia\/author\/euroresidentes\/","title":"Im\u00e1genes de cargas el\u00e9ctricas de una mol\u00e9cula - Nanotecnolog\u00eda","type":"rich","width":600,"height":338,"html":"<blockquote class=\"wp-embedded-content\" data-secret=\"jYGolWraxn\"><a href=\"https:\/\/www.euroresidentes.com\/tecnologia\/nanotecnologia\/blog-pos\/\">Im\u00e1genes de cargas el\u00e9ctricas de una mol\u00e9cula<\/a><\/blockquote><iframe sandbox=\"allow-scripts\" security=\"restricted\" src=\"https:\/\/www.euroresidentes.com\/tecnologia\/nanotecnologia\/blog-pos\/embed\/#?secret=jYGolWraxn\" width=\"600\" height=\"338\" title=\"\u00abIm\u00e1genes de cargas el\u00e9ctricas de una mol\u00e9cula\u00bb \u2014 Nanotecnolog\u00eda\" data-secret=\"jYGolWraxn\" frameborder=\"0\" marginwidth=\"0\" marginheight=\"0\" scrolling=\"no\" class=\"wp-embedded-content\"><\/iframe><script type=\"text\/javascript\">\n\/* <![CDATA[ *\/\n\/*! This file is auto-generated *\/\n!function(d,l){\"use strict\";l.querySelector&&d.addEventListener&&\"undefined\"!=typeof URL&&(d.wp=d.wp||{},d.wp.receiveEmbedMessage||(d.wp.receiveEmbedMessage=function(e){var t=e.data;if((t||t.secret||t.message||t.value)&&!\/[^a-zA-Z0-9]\/.test(t.secret)){for(var s,r,n,a=l.querySelectorAll('iframe[data-secret=\"'+t.secret+'\"]'),o=l.querySelectorAll('blockquote[data-secret=\"'+t.secret+'\"]'),c=new RegExp(\"^https?:$\",\"i\"),i=0;i<o.length;i++)o[i].style.display=\"none\";for(i=0;i<a.length;i++)s=a[i],e.source===s.contentWindow&&(s.removeAttribute(\"style\"),\"height\"===t.message?(1e3<(r=parseInt(t.value,10))?r=1e3:~~r<200&&(r=200),s.height=r):\"link\"===t.message&&(r=new URL(s.getAttribute(\"src\")),n=new URL(t.value),c.test(n.protocol))&&n.host===r.host&&l.activeElement===s&&(d.top.location.href=t.value))}},d.addEventListener(\"message\",d.wp.receiveEmbedMessage,!1),l.addEventListener(\"DOMContentLoaded\",function(){for(var e,t,s=l.querySelectorAll(\"iframe.wp-embedded-content\"),r=0;r<s.length;r++)(t=(e=s[r]).getAttribute(\"data-secret\"))||(t=Math.random().toString(36).substring(2,12),e.src+=\"#?secret=\"+t,e.setAttribute(\"data-secret\",t)),e.contentWindow.postMessage({message:\"ready\",secret:t},\"*\")},!1)))}(window,document);\n\/* ]]> *\/\n<\/script>\n","description":"Observan, por primera vez, en imagen las cargas el\u00e9ctricas de una mol\u00e9cula Unos investigadores han mostrado las primeras im\u00e1genes de la \u00abdistribuci\u00f3n de las cargas\u00bb en una sola mol\u00e9cula, en las que se observa un baile intrincado de electrones a escalas diminutas. Anteriormente, se hab\u00edan medido las cargas de \u00e1tomos individuales, pero captar su baile dentro de una mol\u00e9cula compleja es significativamente m\u00e1s dif\u00edcil. Esta pionera medici\u00f3n podr\u00eda arrojar luz sobre una gama de procesos de \u00abtransferencia de carga\u00bb comunes en la naturaleza. Los detalles se han publicado en la revista Nature Nanotechnology. El trabajo lo ha realizado un grupo"}