{"version":"1.0","provider_name":"Avances Tecnol\u00f3gicos","provider_url":"https:\/\/www.euroresidentes.com\/tecnologia\/avances-tecnologicos","author_name":"Euroresidentes","author_url":"https:\/\/www.euroresidentes.com\/tecnologia\/avances-tecnologicos\/author\/euroresidentes\/","title":"Avances Posible relaci\u00f3n entre los metales pesados y el autismo - Avances Tecnol\u00f3gicos","type":"rich","width":600,"height":338,"html":"<blockquote class=\"wp-embedded-content\" data-secret=\"jnmXU7hOnE\"><a href=\"https:\/\/www.euroresidentes.com\/tecnologia\/avances-tecnologicos\/avances-posible-relacin-entre-los\/\">Avances Posible relaci\u00f3n entre los metales pesados y el autismo<\/a><\/blockquote><iframe sandbox=\"allow-scripts\" security=\"restricted\" src=\"https:\/\/www.euroresidentes.com\/tecnologia\/avances-tecnologicos\/avances-posible-relacin-entre-los\/embed\/#?secret=jnmXU7hOnE\" width=\"600\" height=\"338\" title=\"\u00abAvances Posible relaci\u00f3n entre los metales pesados y el autismo\u00bb \u2014 Avances Tecnol\u00f3gicos\" data-secret=\"jnmXU7hOnE\" frameborder=\"0\" marginwidth=\"0\" marginheight=\"0\" scrolling=\"no\" class=\"wp-embedded-content\"><\/iframe><script type=\"text\/javascript\">\n\/* <![CDATA[ *\/\n\/*! This file is auto-generated *\/\n!function(d,l){\"use strict\";l.querySelector&&d.addEventListener&&\"undefined\"!=typeof URL&&(d.wp=d.wp||{},d.wp.receiveEmbedMessage||(d.wp.receiveEmbedMessage=function(e){var t=e.data;if((t||t.secret||t.message||t.value)&&!\/[^a-zA-Z0-9]\/.test(t.secret)){for(var s,r,n,a=l.querySelectorAll('iframe[data-secret=\"'+t.secret+'\"]'),o=l.querySelectorAll('blockquote[data-secret=\"'+t.secret+'\"]'),c=new RegExp(\"^https?:$\",\"i\"),i=0;i<o.length;i++)o[i].style.display=\"none\";for(i=0;i<a.length;i++)s=a[i],e.source===s.contentWindow&&(s.removeAttribute(\"style\"),\"height\"===t.message?(1e3<(r=parseInt(t.value,10))?r=1e3:~~r<200&&(r=200),s.height=r):\"link\"===t.message&&(r=new URL(s.getAttribute(\"src\")),n=new URL(t.value),c.test(n.protocol))&&n.host===r.host&&l.activeElement===s&&(d.top.location.href=t.value))}},d.addEventListener(\"message\",d.wp.receiveEmbedMessage,!1),l.addEventListener(\"DOMContentLoaded\",function(){for(var e,t,s=l.querySelectorAll(\"iframe.wp-embedded-content\"),r=0;r<s.length;r++)(t=(e=s[r]).getAttribute(\"data-secret\"))||(t=Math.random().toString(36).substring(2,12),e.src+=\"#?secret=\"+t,e.setAttribute(\"data-secret\",t)),e.contentWindow.postMessage({message:\"ready\",secret:t},\"*\")},!1)))}(window,document);\n\/* ]]> *\/\n<\/script>\n","description":"Seg\u00fan un art\u00edculo publicado el 30 de mayo de 2006 en la revista New Scientist (n\u00ba2553, p\u00e1g. 21) el an\u00e1lisis de muestras de orina de cientos de ni\u00f1os franceses apunta a una posible relaci\u00f3n entre el autismo y la exposici\u00f3n a metales pesados. Si esto se confirmara, significar\u00eda que algunos casos de autismo se podr\u00edan tratar con f\u00e1rmacos que eliminen los metales pesados del cuerpo. Se observ\u00f3 que las muestras de los ni\u00f1os con autismo conten\u00edan niveles extraordinariamente elevados de una familia de prote\u00ednas conocidas como porfirinas (las concentraciones de la mol\u00e9cula coproporfirina en la orina de los ni\u00f1os con"}