{"version":"1.0","provider_name":"Rodr\u00edguez Zapatero","provider_url":"https:\/\/www.euroresidentes.com\/social\/rodriguez-zapatero","author_name":"euroresidentes","author_url":"https:\/\/www.euroresidentes.com\/social\/rodriguez-zapatero\/author\/euroresidentes","title":"Zapatero y Lula - Rodr\u00edguez Zapatero","type":"rich","width":600,"height":338,"html":"<blockquote class=\"wp-embedded-content\" data-secret=\"NquoNDAABM\"><a href=\"https:\/\/www.euroresidentes.com\/social\/rodriguez-zapatero\/zapatero-y-lula\">Zapatero y Lula<\/a><\/blockquote><iframe sandbox=\"allow-scripts\" security=\"restricted\" src=\"https:\/\/www.euroresidentes.com\/social\/rodriguez-zapatero\/zapatero-y-lula\/embed#?secret=NquoNDAABM\" width=\"600\" height=\"338\" title=\"\u00abZapatero y Lula\u00bb \u2014 Rodr\u00edguez Zapatero\" data-secret=\"NquoNDAABM\" frameborder=\"0\" marginwidth=\"0\" marginheight=\"0\" scrolling=\"no\" class=\"wp-embedded-content\"><\/iframe><script type=\"text\/javascript\">\n\/* <![CDATA[ *\/\n\/*! This file is auto-generated *\/\n!function(d,l){\"use strict\";l.querySelector&&d.addEventListener&&\"undefined\"!=typeof URL&&(d.wp=d.wp||{},d.wp.receiveEmbedMessage||(d.wp.receiveEmbedMessage=function(e){var t=e.data;if((t||t.secret||t.message||t.value)&&!\/[^a-zA-Z0-9]\/.test(t.secret)){for(var s,r,n,a=l.querySelectorAll('iframe[data-secret=\"'+t.secret+'\"]'),o=l.querySelectorAll('blockquote[data-secret=\"'+t.secret+'\"]'),c=new RegExp(\"^https?:$\",\"i\"),i=0;i<o.length;i++)o[i].style.display=\"none\";for(i=0;i<a.length;i++)s=a[i],e.source===s.contentWindow&&(s.removeAttribute(\"style\"),\"height\"===t.message?(1e3<(r=parseInt(t.value,10))?r=1e3:~~r<200&&(r=200),s.height=r):\"link\"===t.message&&(r=new URL(s.getAttribute(\"src\")),n=new URL(t.value),c.test(n.protocol))&&n.host===r.host&&l.activeElement===s&&(d.top.location.href=t.value))}},d.addEventListener(\"message\",d.wp.receiveEmbedMessage,!1),l.addEventListener(\"DOMContentLoaded\",function(){for(var e,t,s=l.querySelectorAll(\"iframe.wp-embedded-content\"),r=0;r<s.length;r++)(t=(e=s[r]).getAttribute(\"data-secret\"))||(t=Math.random().toString(36).substring(2,12),e.src+=\"#?secret=\"+t,e.setAttribute(\"data-secret\",t)),e.contentWindow.postMessage({message:\"ready\",secret:t},\"*\")},!1)))}(window,document);\n\/* ]]> *\/\n<\/script>\n","description":"Por fin, cuando ya va para un a\u00f1o de gobierno socialista, parece que el Presidente del Gobierno espa\u00f1ol Jos\u00e9 Luis Rodr\u00edguez Zapatero se inclina por hacer pol\u00edtica iberoamericana. No se comprende muy bien las razones de este retraso. No era Ch\u00e1vez, es Lula, el principio de una pol\u00edtica de alcance en Iberoam\u00e9rica. \u00a1Por fin la diplomacia espa\u00f1ola empieza a darse cuenta! Brasil pa\u00eds clave en el continente americano Aunque en Brasil no se hable espa\u00f1ol, se trata del pa\u00eds que est\u00e1 llamado a vertebrar el continente americano por el sur. Las principales empresas espa\u00f1olas as\u00ed lo han comprendido. Han apostado"}