{"version":"1.0","provider_name":"Rodr\u00edguez Zapatero","provider_url":"https:\/\/www.euroresidentes.com\/social\/rodriguez-zapatero","author_name":"euroresidentes","author_url":"https:\/\/www.euroresidentes.com\/social\/rodriguez-zapatero\/author\/euroresidentes","title":"Zapatero, la lengua espa\u00f1ola y el Quijote - Rodr\u00edguez Zapatero","type":"rich","width":600,"height":338,"html":"<blockquote class=\"wp-embedded-content\" data-secret=\"TidiZbtmYa\"><a href=\"https:\/\/www.euroresidentes.com\/social\/rodriguez-zapatero\/zapatero-la-lengua-espaola-y-e\">Zapatero, la lengua espa\u00f1ola y el Quijote<\/a><\/blockquote><iframe sandbox=\"allow-scripts\" security=\"restricted\" src=\"https:\/\/www.euroresidentes.com\/social\/rodriguez-zapatero\/zapatero-la-lengua-espaola-y-e\/embed#?secret=TidiZbtmYa\" width=\"600\" height=\"338\" title=\"\u00abZapatero, la lengua espa\u00f1ola y el Quijote\u00bb \u2014 Rodr\u00edguez Zapatero\" data-secret=\"TidiZbtmYa\" frameborder=\"0\" marginwidth=\"0\" marginheight=\"0\" scrolling=\"no\" class=\"wp-embedded-content\"><\/iframe><script type=\"text\/javascript\">\n\/* <![CDATA[ *\/\n\/*! This file is auto-generated *\/\n!function(d,l){\"use strict\";l.querySelector&&d.addEventListener&&\"undefined\"!=typeof URL&&(d.wp=d.wp||{},d.wp.receiveEmbedMessage||(d.wp.receiveEmbedMessage=function(e){var t=e.data;if((t||t.secret||t.message||t.value)&&!\/[^a-zA-Z0-9]\/.test(t.secret)){for(var s,r,n,a=l.querySelectorAll('iframe[data-secret=\"'+t.secret+'\"]'),o=l.querySelectorAll('blockquote[data-secret=\"'+t.secret+'\"]'),c=new RegExp(\"^https?:$\",\"i\"),i=0;i<o.length;i++)o[i].style.display=\"none\";for(i=0;i<a.length;i++)s=a[i],e.source===s.contentWindow&&(s.removeAttribute(\"style\"),\"height\"===t.message?(1e3<(r=parseInt(t.value,10))?r=1e3:~~r<200&&(r=200),s.height=r):\"link\"===t.message&&(r=new URL(s.getAttribute(\"src\")),n=new URL(t.value),c.test(n.protocol))&&n.host===r.host&&l.activeElement===s&&(d.top.location.href=t.value))}},d.addEventListener(\"message\",d.wp.receiveEmbedMessage,!1),l.addEventListener(\"DOMContentLoaded\",function(){for(var e,t,s=l.querySelectorAll(\"iframe.wp-embedded-content\"),r=0;r<s.length;r++)(t=(e=s[r]).getAttribute(\"data-secret\"))||(t=Math.random().toString(36).substring(2,12),e.src+=\"#?secret=\"+t,e.setAttribute(\"data-secret\",t)),e.contentWindow.postMessage({message:\"ready\",secret:t},\"*\")},!1)))}(window,document);\n\/* ]]> *\/\n<\/script>\n","description":"Recordamos que Jos\u00e9 Luis Rodr\u00edguez Zapatero siendo Jefe de la Oposici\u00f3n en el Congreso tuvo una amplia referencia al Quijote, reclamando un protagonismo para la cultura y la lengua espa\u00f1ola y su papel en el mundo. Estos d\u00edas se celebra el III Congreso Internacional de la Lengua Espa\u00f1ola en Rosario (Argentina) inaugurado por los Reyes de Espa\u00f1a. Y el Quijote est\u00e1 teniendo un extraordinario protagonismo en este Congreso. Ayer se present\u00f3 una edici\u00f3n popular publicada por la Real Academia Espa\u00f1ola (RAE) y la Asociaci\u00f3n de Academias de la Lengua Espa\u00f1ola (AALE). El propio Rey Juan Carlos se refiri\u00f3 al caballero"}