{"version":"1.0","provider_name":"Rodr\u00edguez Zapatero","provider_url":"https:\/\/www.euroresidentes.com\/social\/rodriguez-zapatero","author_name":"euroresidentes","author_url":"https:\/\/www.euroresidentes.com\/social\/rodriguez-zapatero\/author\/euroresidentes","title":"Zapatero e Iberoam\u00e9rica versus Bush y APEC - Rodr\u00edguez Zapatero","type":"rich","width":600,"height":338,"html":"<blockquote class=\"wp-embedded-content\" data-secret=\"BssNZKE5GQ\"><a href=\"https:\/\/www.euroresidentes.com\/social\/rodriguez-zapatero\/zapatero-e-iberoamrica-versus-bush-y\">Zapatero e Iberoam\u00e9rica versus  Bush y APEC<\/a><\/blockquote><iframe sandbox=\"allow-scripts\" security=\"restricted\" src=\"https:\/\/www.euroresidentes.com\/social\/rodriguez-zapatero\/zapatero-e-iberoamrica-versus-bush-y\/embed#?secret=BssNZKE5GQ\" width=\"600\" height=\"338\" title=\"\u00abZapatero e Iberoam\u00e9rica versus  Bush y APEC\u00bb \u2014 Rodr\u00edguez Zapatero\" data-secret=\"BssNZKE5GQ\" frameborder=\"0\" marginwidth=\"0\" marginheight=\"0\" scrolling=\"no\" class=\"wp-embedded-content\"><\/iframe><script type=\"text\/javascript\">\n\/* <![CDATA[ *\/\n\/*! This file is auto-generated *\/\n!function(d,l){\"use strict\";l.querySelector&&d.addEventListener&&\"undefined\"!=typeof URL&&(d.wp=d.wp||{},d.wp.receiveEmbedMessage||(d.wp.receiveEmbedMessage=function(e){var t=e.data;if((t||t.secret||t.message||t.value)&&!\/[^a-zA-Z0-9]\/.test(t.secret)){for(var s,r,n,a=l.querySelectorAll('iframe[data-secret=\"'+t.secret+'\"]'),o=l.querySelectorAll('blockquote[data-secret=\"'+t.secret+'\"]'),c=new RegExp(\"^https?:$\",\"i\"),i=0;i<o.length;i++)o[i].style.display=\"none\";for(i=0;i<a.length;i++)s=a[i],e.source===s.contentWindow&&(s.removeAttribute(\"style\"),\"height\"===t.message?(1e3<(r=parseInt(t.value,10))?r=1e3:~~r<200&&(r=200),s.height=r):\"link\"===t.message&&(r=new URL(s.getAttribute(\"src\")),n=new URL(t.value),c.test(n.protocol))&&n.host===r.host&&l.activeElement===s&&(d.top.location.href=t.value))}},d.addEventListener(\"message\",d.wp.receiveEmbedMessage,!1),l.addEventListener(\"DOMContentLoaded\",function(){for(var e,t,s=l.querySelectorAll(\"iframe.wp-embedded-content\"),r=0;r<s.length;r++)(t=(e=s[r]).getAttribute(\"data-secret\"))||(t=Math.random().toString(36).substring(2,12),e.src+=\"#?secret=\"+t,e.setAttribute(\"data-secret\",t)),e.contentWindow.postMessage({message:\"ready\",secret:t},\"*\")},!1)))}(window,document);\n\/* ]]> *\/\n<\/script>\n","description":"Tras la elecci\u00f3n de Bush, uno de sus primeros actos en el exterior ser\u00e1 en Chile que el viernes de la semana que viene ser\u00e1 sede de la APEC (Foro Econ\u00f3mico Asia Pac\u00edfico). Esta organizaci\u00f3n reune a los l\u00edderes de las econom\u00edas m\u00e1s importantes del mundo de Asia (sienta en la misma mesa a Jap\u00f3n, Rusia, Taiw\u00e1n y China&#8230;) y Am\u00e9rica, con la ausencia de las europeas. Cabe la hip\u00f3tesis de si por la cabeza de Bush pasa potenciar la APEC y marginar el papel de Europa en Am\u00e9rica Latina y muy especialmente de Espa\u00f1a. Sin duda, esta organizaci\u00f3n es"}