{"version":"1.0","provider_name":"Rodr\u00edguez Zapatero","provider_url":"https:\/\/www.euroresidentes.com\/social\/rodriguez-zapatero","author_name":"euroresidentes","author_url":"https:\/\/www.euroresidentes.com\/social\/rodriguez-zapatero\/author\/euroresidentes","title":"Un PP fuerte y crecido - Rodr\u00edguez Zapatero","type":"rich","width":600,"height":338,"html":"<blockquote class=\"wp-embedded-content\" data-secret=\"80Dz0nAaor\"><a href=\"https:\/\/www.euroresidentes.com\/social\/rodriguez-zapatero\/un-pp-fuerte-y-crecido\">Un PP fuerte y crecido<\/a><\/blockquote><iframe sandbox=\"allow-scripts\" security=\"restricted\" src=\"https:\/\/www.euroresidentes.com\/social\/rodriguez-zapatero\/un-pp-fuerte-y-crecido\/embed#?secret=80Dz0nAaor\" width=\"600\" height=\"338\" title=\"\u00abUn PP fuerte y crecido\u00bb \u2014 Rodr\u00edguez Zapatero\" data-secret=\"80Dz0nAaor\" frameborder=\"0\" marginwidth=\"0\" marginheight=\"0\" scrolling=\"no\" class=\"wp-embedded-content\"><\/iframe><script type=\"text\/javascript\">\n\/* <![CDATA[ *\/\n\/*! This file is auto-generated *\/\n!function(d,l){\"use strict\";l.querySelector&&d.addEventListener&&\"undefined\"!=typeof URL&&(d.wp=d.wp||{},d.wp.receiveEmbedMessage||(d.wp.receiveEmbedMessage=function(e){var t=e.data;if((t||t.secret||t.message||t.value)&&!\/[^a-zA-Z0-9]\/.test(t.secret)){for(var s,r,n,a=l.querySelectorAll('iframe[data-secret=\"'+t.secret+'\"]'),o=l.querySelectorAll('blockquote[data-secret=\"'+t.secret+'\"]'),c=new RegExp(\"^https?:$\",\"i\"),i=0;i<o.length;i++)o[i].style.display=\"none\";for(i=0;i<a.length;i++)s=a[i],e.source===s.contentWindow&&(s.removeAttribute(\"style\"),\"height\"===t.message?(1e3<(r=parseInt(t.value,10))?r=1e3:~~r<200&&(r=200),s.height=r):\"link\"===t.message&&(r=new URL(s.getAttribute(\"src\")),n=new URL(t.value),c.test(n.protocol))&&n.host===r.host&&l.activeElement===s&&(d.top.location.href=t.value))}},d.addEventListener(\"message\",d.wp.receiveEmbedMessage,!1),l.addEventListener(\"DOMContentLoaded\",function(){for(var e,t,s=l.querySelectorAll(\"iframe.wp-embedded-content\"),r=0;r<s.length;r++)(t=(e=s[r]).getAttribute(\"data-secret\"))||(t=Math.random().toString(36).substring(2,12),e.src+=\"#?secret=\"+t,e.setAttribute(\"data-secret\",t)),e.contentWindow.postMessage({message:\"ready\",secret:t},\"*\")},!1)))}(window,document);\n\/* ]]> *\/\n<\/script>\n","description":"Esperanza Aguirre lo dijo ayer con claridad en su Congreso: \u00abel objetivo del PP es estar preparado para que esta legislatura no llegue a su fin\u00bb. \u00bfExagerado? \u00bfCongresual? Lo cierto es que aquellos que vaticinaban fuertes tensiones en el PP tras la p\u00e9rdida del Gobierno que acabar\u00edan por hundir el partido durante un cierto tiempo se est\u00e1n equivocando. Galicia, Madrid y la Comunidad Valenciana, afectados por graves disputas internas, han superado en buena parte sus problemas. No deber\u00eda pasar desapercibida la extrema debilidad del partido socialista en estas comunidades aut\u00f3nomas. Tendencia que el propio gobierno central quiz\u00e1s desarrolla al verse"}