{"version":"1.0","provider_name":"Rodr\u00edguez Zapatero","provider_url":"https:\/\/www.euroresidentes.com\/social\/rodriguez-zapatero","author_name":"euroresidentes","author_url":"https:\/\/www.euroresidentes.com\/social\/rodriguez-zapatero\/author\/euroresidentes","title":"La firma de la Constituci\u00f3n Europea - Rodr\u00edguez Zapatero","type":"rich","width":600,"height":338,"html":"<blockquote class=\"wp-embedded-content\" data-secret=\"MPy0BZN7vX\"><a href=\"https:\/\/www.euroresidentes.com\/social\/rodriguez-zapatero\/la-firma-de-la-constitucin-europea\">La firma de la Constituci\u00f3n Europea<\/a><\/blockquote><iframe sandbox=\"allow-scripts\" security=\"restricted\" src=\"https:\/\/www.euroresidentes.com\/social\/rodriguez-zapatero\/la-firma-de-la-constitucin-europea\/embed#?secret=MPy0BZN7vX\" width=\"600\" height=\"338\" title=\"\u00abLa firma de la Constituci\u00f3n Europea\u00bb \u2014 Rodr\u00edguez Zapatero\" data-secret=\"MPy0BZN7vX\" frameborder=\"0\" marginwidth=\"0\" marginheight=\"0\" scrolling=\"no\" class=\"wp-embedded-content\"><\/iframe><script type=\"text\/javascript\">\n\/* <![CDATA[ *\/\n\/*! This file is auto-generated *\/\n!function(d,l){\"use strict\";l.querySelector&&d.addEventListener&&\"undefined\"!=typeof URL&&(d.wp=d.wp||{},d.wp.receiveEmbedMessage||(d.wp.receiveEmbedMessage=function(e){var t=e.data;if((t||t.secret||t.message||t.value)&&!\/[^a-zA-Z0-9]\/.test(t.secret)){for(var s,r,n,a=l.querySelectorAll('iframe[data-secret=\"'+t.secret+'\"]'),o=l.querySelectorAll('blockquote[data-secret=\"'+t.secret+'\"]'),c=new RegExp(\"^https?:$\",\"i\"),i=0;i<o.length;i++)o[i].style.display=\"none\";for(i=0;i<a.length;i++)s=a[i],e.source===s.contentWindow&&(s.removeAttribute(\"style\"),\"height\"===t.message?(1e3<(r=parseInt(t.value,10))?r=1e3:~~r<200&&(r=200),s.height=r):\"link\"===t.message&&(r=new URL(s.getAttribute(\"src\")),n=new URL(t.value),c.test(n.protocol))&&n.host===r.host&&l.activeElement===s&&(d.top.location.href=t.value))}},d.addEventListener(\"message\",d.wp.receiveEmbedMessage,!1),l.addEventListener(\"DOMContentLoaded\",function(){for(var e,t,s=l.querySelectorAll(\"iframe.wp-embedded-content\"),r=0;r<s.length;r++)(t=(e=s[r]).getAttribute(\"data-secret\"))||(t=Math.random().toString(36).substring(2,12),e.src+=\"#?secret=\"+t,e.setAttribute(\"data-secret\",t)),e.contentWindow.postMessage({message:\"ready\",secret:t},\"*\")},!1)))}(window,document);\n\/* ]]> *\/\n<\/script>\n","thumbnail_url":"https:\/\/www.euroresidentes.com\/social\/rodriguez-zapatero\/wp-content\/uploads\/sites\/10\/2004\/10\/europa.jpg","thumbnail_width":114,"thumbnail_height":76,"description":"Pues hoy tambi\u00e9n hay foto. Quiz\u00e1s sea la foto m\u00e1s importante. \u00a1Enhorabuena Mr. President Rodr\u00edguez Zapatero! Euroresidentes ya tiene un espacio constitucional propio. Es un d\u00eda de gala para todos nosotros. Los 25 gobernantes de la Uni\u00f3n Europea y sus ministros de Exteriores posan en el patio de Miguel Angel en un d\u00eda que constituye un hito en la historia Europa. La paz y la raz\u00f3n poderorosas y capaces de vencer las resistencias que durante siglos guerras, caudillos y generales no pudieron imponer mediante violencia y armas. Pero la prensa espa\u00f1ola lo ve de una forma muy dispar: Cita con"}