 

{"version":"1.0","provider_name":"Salud","provider_url":"https:\/\/www.euroresidentes.com\/salud","author_name":"Raquel Pomares","author_url":"https:\/\/www.euroresidentes.com\/salud\/author\/raquel\/","title":"Depresi\u00f3n en pacientes con c\u00e1ncer de colon - Salud","type":"rich","width":600,"height":338,"html":"<blockquote class=\"wp-embedded-content\" data-secret=\"R6temTw6vj\"><a href=\"https:\/\/www.euroresidentes.com\/salud\/depresion-y-cancer-de-colon\/\">Depresi\u00f3n en pacientes con c\u00e1ncer de colon<\/a><\/blockquote><iframe sandbox=\"allow-scripts\" security=\"restricted\" src=\"https:\/\/www.euroresidentes.com\/salud\/depresion-y-cancer-de-colon\/embed\/#?secret=R6temTw6vj\" width=\"600\" height=\"338\" title=\"\u00abDepresi\u00f3n en pacientes con c\u00e1ncer de colon\u00bb \u2014 Salud\" data-secret=\"R6temTw6vj\" frameborder=\"0\" marginwidth=\"0\" marginheight=\"0\" scrolling=\"no\" class=\"wp-embedded-content\"><\/iframe><script type=\"text\/javascript\">\n\/* <![CDATA[ *\/\n\/*! This file is auto-generated *\/\n!function(d,l){\"use strict\";l.querySelector&&d.addEventListener&&\"undefined\"!=typeof URL&&(d.wp=d.wp||{},d.wp.receiveEmbedMessage||(d.wp.receiveEmbedMessage=function(e){var t=e.data;if((t||t.secret||t.message||t.value)&&!\/[^a-zA-Z0-9]\/.test(t.secret)){for(var s,r,n,a=l.querySelectorAll('iframe[data-secret=\"'+t.secret+'\"]'),o=l.querySelectorAll('blockquote[data-secret=\"'+t.secret+'\"]'),c=new RegExp(\"^https?:$\",\"i\"),i=0;i<o.length;i++)o[i].style.display=\"none\";for(i=0;i<a.length;i++)s=a[i],e.source===s.contentWindow&&(s.removeAttribute(\"style\"),\"height\"===t.message?(1e3<(r=parseInt(t.value,10))?r=1e3:~~r<200&&(r=200),s.height=r):\"link\"===t.message&&(r=new URL(s.getAttribute(\"src\")),n=new URL(t.value),c.test(n.protocol))&&n.host===r.host&&l.activeElement===s&&(d.top.location.href=t.value))}},d.addEventListener(\"message\",d.wp.receiveEmbedMessage,!1),l.addEventListener(\"DOMContentLoaded\",function(){for(var e,t,s=l.querySelectorAll(\"iframe.wp-embedded-content\"),r=0;r<s.length;r++)(t=(e=s[r]).getAttribute(\"data-secret\"))||(t=Math.random().toString(36).substring(2,12),e.src+=\"#?secret=\"+t,e.setAttribute(\"data-secret\",t)),e.contentWindow.postMessage({message:\"ready\",secret:t},\"*\")},!1)))}(window,document);\n\/* ]]> *\/\n<\/script>\n","thumbnail_url":"https:\/\/www.euroresidentes.com\/salud\/wp-content\/uploads\/2015\/08\/depresion-y-cancer-de-colon2.jpg","thumbnail_width":600,"thumbnail_height":450,"description":"El diagn\u00f3stico de un c\u00e1ncer de colon puede hacer que aparezcan algunos s\u00edntomas de depresi\u00f3n M\u00e1s all\u00e1 de choque inicial que supone el diagn\u00f3stico, son muchas las personas diagnosticadas con c\u00e1ncer de colon se sienten desanimadas, enfadadas o impotente. Se estima que\u00a0aproximadamente el 25% de los pacientes con c\u00e1ncer va a\u00a0desarrollar o tener una depresi\u00f3n cl\u00ednica. \u00a0 Para algunas personas, este bajo estado de \u00e1nimo puede continuar o incluso empeorar, y necesitar ayuda o tratamiento profesional. Los s\u00edntomas de la depresi\u00f3n incluyen: Estado de \u00e1nimo bajo la mayor parte del tiempo. Sensaci\u00f3n de cansancio\u00a0o falta de energ\u00eda. Incapacidad para disfrutar"}