 

{"version":"1.0","provider_name":"Salud hoy","provider_url":"https:\/\/www.euroresidentes.com\/salud\/salud-hoy","author_name":"Raquel Pomares","author_url":"https:\/\/www.euroresidentes.com\/salud\/salud-hoy\/author\/raquel\/","title":"Melanoma: \u00bfpor qu\u00e9 est\u00e1n aumentando entre los m\u00e1s j\u00f3venes? - Salud hoy","type":"rich","width":600,"height":338,"html":"<blockquote class=\"wp-embedded-content\" data-secret=\"9UGRbTMMct\"><a href=\"https:\/\/www.euroresidentes.com\/salud\/salud-hoy\/jovenes-y-melanoma\/\">Melanoma: \u00bfpor qu\u00e9 est\u00e1n aumentando entre los m\u00e1s j\u00f3venes?<\/a><\/blockquote><iframe sandbox=\"allow-scripts\" security=\"restricted\" src=\"https:\/\/www.euroresidentes.com\/salud\/salud-hoy\/jovenes-y-melanoma\/embed\/#?secret=9UGRbTMMct\" width=\"600\" height=\"338\" title=\"\u00abMelanoma: \u00bfpor qu\u00e9 est\u00e1n aumentando entre los m\u00e1s j\u00f3venes?\u00bb \u2014 Salud hoy\" data-secret=\"9UGRbTMMct\" frameborder=\"0\" marginwidth=\"0\" marginheight=\"0\" scrolling=\"no\" class=\"wp-embedded-content\"><\/iframe><script type=\"text\/javascript\">\n\/* <![CDATA[ *\/\n\/*! This file is auto-generated *\/\n!function(d,l){\"use strict\";l.querySelector&&d.addEventListener&&\"undefined\"!=typeof URL&&(d.wp=d.wp||{},d.wp.receiveEmbedMessage||(d.wp.receiveEmbedMessage=function(e){var t=e.data;if((t||t.secret||t.message||t.value)&&!\/[^a-zA-Z0-9]\/.test(t.secret)){for(var s,r,n,a=l.querySelectorAll('iframe[data-secret=\"'+t.secret+'\"]'),o=l.querySelectorAll('blockquote[data-secret=\"'+t.secret+'\"]'),c=new RegExp(\"^https?:$\",\"i\"),i=0;i<o.length;i++)o[i].style.display=\"none\";for(i=0;i<a.length;i++)s=a[i],e.source===s.contentWindow&&(s.removeAttribute(\"style\"),\"height\"===t.message?(1e3<(r=parseInt(t.value,10))?r=1e3:~~r<200&&(r=200),s.height=r):\"link\"===t.message&&(r=new URL(s.getAttribute(\"src\")),n=new URL(t.value),c.test(n.protocol))&&n.host===r.host&&l.activeElement===s&&(d.top.location.href=t.value))}},d.addEventListener(\"message\",d.wp.receiveEmbedMessage,!1),l.addEventListener(\"DOMContentLoaded\",function(){for(var e,t,s=l.querySelectorAll(\"iframe.wp-embedded-content\"),r=0;r<s.length;r++)(t=(e=s[r]).getAttribute(\"data-secret\"))||(t=Math.random().toString(36).substring(2,12),e.src+=\"#?secret=\"+t,e.setAttribute(\"data-secret\",t)),e.contentWindow.postMessage({message:\"ready\",secret:t},\"*\")},!1)))}(window,document);\n\/* ]]> *\/\n<\/script>\n","thumbnail_url":"https:\/\/www.euroresidentes.com\/salud\/salud-hoy\/wp-content\/uploads\/sites\/9\/2012\/04\/melanoma-jovenes-euroresidentes.jpg","thumbnail_width":700,"thumbnail_height":525,"description":"La incidencia del melanoma en los ni\u00f1os, adolescentes y adultos j\u00f3venes ha aumentado\u00a0m\u00e1s del 250% en las \u00faltimas 4 d\u00e9cadas. El exceso de exposici\u00f3n al sol sin protecci\u00f3n y el uso de cabinas\u00a0de bronceado son dos de los principales culpables de las crecientes tasas de melanoma en este grupo de edad. Tambi\u00e9n hay que tener en cuenta otros factores\u00a0como\u00a0la predisposici\u00f3n gen\u00e9tica. Dram\u00e1tico aumento de c\u00e1ncer de piel. Especialmente entre los menores de 40 a\u00f1os. De acuerdo con un estudio realizado por investigadores de la Cl\u00ednica Mayo, y que se ha publicado en la revista Mayo Clinic Proceedings, la incidencia del"}