 

{"id":128,"date":"2015-01-12T17:44:00","date_gmt":"2015-01-12T17:44:00","guid":{"rendered":"https:\/\/www.euroresidentes.com\/salud\/conviviendo-alzheimer\/10-signos-y-sintomas-tempranos-de.html"},"modified":"2017-09-21T09:25:50","modified_gmt":"2017-09-21T07:25:50","slug":"10-signos-y-sintomas-tempranos-de","status":"publish","type":"page","link":"https:\/\/www.euroresidentes.com\/salud\/conviviendo-alzheimer\/10-signos-y-sintomas-tempranos-de\/","title":{"rendered":"10 s\u00edntomas tempranos del Alzheimer"},"content":{"rendered":"<p>Uno de los <strong>s\u00edntomas del Alzheimer<\/strong> u otro tipo de demencia es la <strong>p\u00e9rdida de memoria<\/strong>, la cual puede llegar afectar de forma considerable a la vida diaria. El Alzheimer es una enfermedad mental que provoca un lento declive en la memoria y en la capacidad de pensar y razonar.<\/p>\n<p><a href=\"https:\/\/www.euroresidentes.com\/salud\/conviviendo-alzheimer\/wp-content\/uploads\/sites\/2\/2015\/01\/sintomas-alzheimer.jpg\"><img loading=\"lazy\" decoding=\"async\" class=\"aligncenter size-full wp-image-303\" src=\"https:\/\/www.euroresidentes.com\/salud\/conviviendo-alzheimer\/wp-content\/uploads\/sites\/2\/2015\/01\/sintomas-alzheimer.jpg\" alt=\"sintomas-alzheimer\" width=\"700\" height=\"525\" srcset=\"https:\/\/www.euroresidentes.com\/salud\/conviviendo-alzheimer\/wp-content\/uploads\/sites\/2\/2015\/01\/sintomas-alzheimer.jpg 700w, https:\/\/www.euroresidentes.com\/salud\/conviviendo-alzheimer\/wp-content\/uploads\/sites\/2\/2015\/01\/sintomas-alzheimer-300x225.jpg 300w\" sizes=\"auto, (max-width: 700px) 100vw, 700px\" \/><\/a><\/p>\n<p>Hay <strong>10 signos y s\u00edntomas de alarma<\/strong> que avisan de esta enfermedad. Cada persona puede experimentar diferentes s\u00edntomas y en diferentes grados. Si nota alguno de ellos, consulte a su m\u00e9dico. \u00a0\u00a0<\/p>\n<h3><strong>Alzheimer: 10 signos de alarma\u00a0<\/strong><\/h3>\n<h4>\u00a0<\/h4>\n<h4><strong>1. La p\u00e9rdida de memoria afecta la vida diaria<\/strong><\/h4>\n<p>Uno de los s\u00edntomas m\u00e1s comunes del Alzheimer es la p\u00e9rdida de memoria, sobre todo, <strong>olvidar informaci\u00f3n que se acaba de asimilar<\/strong>. Otras se\u00f1ales son: olvidar <strong> fechas importantes<\/strong>, <strong>preguntar lo mismo varias veces<\/strong> o necesitar cada vez m\u00e1s ayuda para recordar, por ejemplo, dejar notas, recordatorios en dispositivos electr\u00f3nicos o recurrir a los familiares para hacer tareas que antes pod\u00edan hacer.<\/p>\n<p>Un s\u00edntoma normal asociado a la edad: ser\u00eda olvidar nombres o fechas pero recordarlos despu\u00e9s.<\/p>\n<h4>\u00a0<\/h4>\n<h4><strong>2. Dificultad para planificar o resolver problemas<\/strong><\/h4>\n<p>Hay gente que puede experimentar cambios en su capacidad para llevar a cabo o <strong> seguir un plan<\/strong> o incluso para <strong>manejar n\u00fameros<\/strong>. Pueden tener problemas a la hora de <strong>seguir los pasos de una receta<\/strong> o llevar un <strong>control de los gastos mensuales<\/strong>. Hay quien tambi\u00e9n tiene dificultad para concentrarse y tarda mucho m\u00e1s en hacer las mismas cosas que antes.<\/p>\n<p>Un s\u00edntoma normal asociado a la edad: ser\u00eda confundirse al comprobar la libreta bancaria.<\/p>\n<h4>\u00a0<\/h4>\n<h4><strong>3. Dificultad para desempe\u00f1ar tareas dom\u00e9sticas, laborales o de ocio<\/strong><\/h4>\n<p>Hay personas que tienen problemas para <strong>llegar a un lugar que conocen<\/strong>, llevar los <strong> presupuestos<\/strong> en el trabajo o recordar las <strong>reglas de un juego.<\/strong><\/p>\n<p>Un s\u00edntoma normal asociado a la edad: ser\u00eda necesitar ayuda para saber c\u00f3mo funciona el microondas o c\u00f3mo grabar un programa de televisi\u00f3n.<\/p>\n<h4>\u00a0<\/h4>\n<h4><strong>4. Desorientaci\u00f3n temporal y espacial<\/strong><\/h4>\n<p>La gente que sufre Alzheimer <strong>pierde la noci\u00f3n del tiempo<\/strong>. Olvidan <strong>fechas<\/strong>, no saben en qu\u00e9 <strong>estaci\u00f3n del a\u00f1o<\/strong> est\u00e1n ni son conscientes del <strong>paso del tiempo<\/strong>. Pueden tener problemas para entender algo si no ocurre de inmediato. En ocasiones llegan a olvidar <strong>d\u00f3nde est\u00e1n<\/strong> o c\u00f3mo han llegado hasta ah\u00ed.<\/p>\n<p>Un s\u00edntoma normal asociado a la edad: ser\u00eda no saber muy bien en qu\u00e9 d\u00eda de la semana estamos pero darnos cuenta m\u00e1s tarde. \u00a0<\/p>\n<h4>\u00a0<\/h4>\n<h4><strong>5. Dificultades para establecer relaciones visuales y espaciales<\/strong><\/h4>\n<p>Los problemas de visi\u00f3n pueden ser un s\u00edntoma de Alzheimer. Hay quien tiene <strong> dificultad para leer, calcular distancias o distinguir colores<\/strong>, lo que puede ocasionar problemas a la hora de conducir. <\/p>\n<p> Un s\u00edntoma normal asociado a la edad: es sufrir alteraciones en la visi\u00f3n debido a cataratas.<\/p>\n<h4>\u00a0<\/h4>\n<h4><strong>6. Dificultad a la hora de hablar o escribir<\/strong><\/h4>\n<p>Las personas con Alzheimer pueden tener dificultades para seguir o participar en una<strong> conversaci\u00f3n<\/strong>. Otros s\u00edntomas comunes son: <strong> dejar de hablar en medio de una conversaci\u00f3n<\/strong> y no saber retomarla o incluso repetir lo que se estaba diciendo, o tener problemas relacionados con el <strong>vocabulario<\/strong>, por ejemplo, no dar con la <strong> palabra exacta<\/strong> o utilizar una palabra incorrecta para designar algo. <\/p>\n<p> Un s\u00edntoma normal asociado a la edad: es no dar en ocasiones con la palabra exacta.<\/p>\n<h4>\u00a0<\/h4>\n<h4><strong>7. Extraviar objetos y perder la capacidad de recordar d\u00f3nde se puso\u00a0<\/strong><\/h4>\n<p>Las personas con Alzheimer pueden <strong>perder objetos<\/strong> y ser incapaces de rebobinar para poder encontrarlos. Pueden incluso llegar a <strong>culpar a los dem\u00e1s de haberles robado<\/strong>. A medida que avanza la enfermedad esto ocurre con m\u00e1s frecuencia.<\/p>\n<p>Un s\u00edntoma normal asociado a la edad: es perder las cosas de vez en cuando pero ser capaz de rebobinar y saber d\u00f3nde se han dejado.<\/p>\n<h4>\u00a0<\/h4>\n<h4><strong>8. Deterioro del sentido com\u00fan<\/strong><\/h4>\n<p>El sentido com\u00fan y la capacidad para tomar decisiones se ve afectada en las personas con Alzheimer. Por ejemplo, no aplican el <strong>sentido com\u00fan con el dinero<\/strong> y pueden llegar a dar grandes cantidades a los televendedores (teletienda). Prestan menos atenci\u00f3n al <strong>aseo e higiene personal<\/strong>.<\/p>\n<p>Un s\u00edntoma normal asociado a la edad: es equivocarse de vez en cuando al tomar.<\/p>\n<h4>\u00a0<\/h4>\n<h4><strong>9. Alejarse del trabajo y de las actividades sociales<\/strong><\/h4>\n<p>Una persona que sufra Alzheimer puede que empiece a abandonar sus <strong>aficiones y proyectos laborales<\/strong> o deje de participar en <strong>actividades sociales<\/strong> o de practicar <strong> deporte<\/strong>. Les cuesta estar al tanto de las novedades de su equipo favorito o recordar c\u00f3mo hacer algo que les gustaba hacer. Suelen <strong>aislarse socialmente<\/strong> debido a los cambios que van sufriendo.<\/p>\n<p>Un s\u00edntoma normal asociado a la edad: es estar cansado de las obligaciones familiares, laborales y sociales.\u00a0<\/p>\n<h4>\u00a0<\/h4>\n<h4><strong>10. Cambios en el estado de \u00e1nimo y en la personalidad<\/strong><\/h4>\n<p>El Alzheimer puede provocar cambios en el <strong>estado de \u00e1nimo<\/strong> y en la <strong>personalidad<\/strong>. Las personas que padecen esta enfermedad pueden experimentar <strong>confusi\u00f3n, recelo, depresi\u00f3n, temor o ansiedad<\/strong>. Se pueden enfadar con mucha facilidad con la familia, compa\u00f1eros de trabajo, amigos o cuando est\u00e1n en lugares fuera de su zona.<\/p>\n<p>Un s\u00edntoma normal asociado a la edad: es habituarse a realizar las cosas de una determinada manera y enojarse cuando se interrumpe esa rutina. <\/p>\n<table class=\"tr-caption-container\" style=\"margin-left: auto; margin-right: auto; text-align: center;\" cellspacing=\"0\" cellpadding=\"0\" align=\"center\">\n<tbody>\n<tr>\n<td style=\"text-align: center;\"><a style=\"margin-left: auto; margin-right: auto;\" href=\"https:\/\/www.euroresidentes.com\/salud\/conviviendo-alzheimer\/wp-content\/uploads\/sites\/2\/2015\/01\/sintomas-alzheimer-sintomas-edad.jpg\"><img loading=\"lazy\" decoding=\"async\" src=\"https:\/\/www.euroresidentes.com\/salud\/conviviendo-alzheimer\/wp-content\/uploads\/sites\/2\/2015\/01\/sintomas-alzheimer-sintomas-edad.jpg\" alt=\"\" width=\"640\" height=\"296\" border=\"0\" \/><\/a><\/td>\n<\/tr>\n<tr>\n<td class=\"tr-caption\" style=\"text-align: center;\">Primeros s\u00edntomas del Alzheimer vs s\u00edntomas de p\u00e9rdida de memoria de la edad<\/td>\n<\/tr>\n<\/tbody>\n<\/table>\n<h3><strong>\u00bfQu\u00e9 hacer si notamos alguno de estos s\u00edntomas?<\/strong><\/h3>\n<p>Si nota que usted o alguien de su entorno sufre alguno de estos 10 signos de Alzheimer, no haga caso omiso y <strong> visite a su m\u00e9dico<\/strong>.<\/p>\n<p>Hay <strong>ventajas o beneficios importantes derivados de la posibilidad de detectar el Alzheimer tempranamente<\/strong>.<\/p>\n<h3>\u00a0<\/h3>\n<h3><strong>Ventajas de detectar el Alzheimer a tiempo<\/strong><\/h3>\n<p>Detectar el Alzheimer a tiempo permite<strong>:<\/strong> \uf0b7<\/p>\n<ul>\n<li><strong>Obtener mejores resultados en los tratamientos<\/strong>. Algunos tratamientos pueden aliviar los s\u00edntomas y prolongar el nivel de dependencia durante m\u00e1s tiempo. Tambi\u00e9n aumenta la posibilidad de participar en ensayos cl\u00ednicos de medicamentos con el fin de ayudar a promover el avance de la investigaci\u00f3n m\u00e9dica.<\/li>\n<li><strong>Tener m\u00e1s tiempo para planificar su futuro<\/strong>. Diagnosticar el Alzheimer permite a la persona que lo sufre poder decidir sobre aspectos como la atenci\u00f3n que recibir\u00e1, el transporte, opciones de residencia o temas legales y econ\u00f3micos. Buscar o crear el equipo de atenci\u00f3n adecuado y una red de apoyo social.<\/li>\n<li><strong>Ayudarse y ayudar a sus seres queridos.<\/strong> Hay servicios de atenci\u00f3n y apoyo gracias a los cuales los enfermos de Alzheimer o demencia puede tener una mayor calidad de vida.<\/li>\n<\/ul>\n<h3>\u00a0<\/h3>\n<h3><strong>Cuando vaya al m\u00e9dico por s\u00edntomas de Alzheimer<\/strong><\/h3>\n<div class=\"separator\" style=\"clear: both; text-align: left;\">El doctor evaluar\u00e1 su estado de salud o el de la persona en cuesti\u00f3n e identificar\u00e1 los problemas que podr\u00edan afectar al funcionamiento mental.\u00a0<\/div>\n<div style=\"text-align: left;\" align=\"center\"> \u00a0El m\u00e9dico puede mandar al\u00a0paciente a\u00a0un especialista como:<\/div>\n<ul>\n<li><strong>Neur\u00f3logo<\/strong>: se especializa en enfermedades mentales y del sistema nervioso.<\/li>\n<li><strong>Psiquiatra<\/strong>: se especializa en des\u00f3rdenes que afectan al estado de \u00e1nimo o al funcionamiento mental.<\/li>\n<li><strong>Psic\u00f3logo<\/strong>: est\u00e1 formado para examinar el funcionamiento de la memoria y otra funciones mentales.<\/li>\n<li><strong>Geriatra<\/strong>: se especializa en el cuidado de las personas mayores y en la enfermedad del Alzheimer.<\/li>\n<\/ul>\n<p><a href=\"http:\/\/www.alz.org\/alzheimers_disease_10_signs_of_alzheimers.asp\" target=\"_blank\">Fuente<\/a><\/p>\n<p><strong>Lecturas relacionadas\u00a010 s\u00edntomas tempranos del Alzheimer<\/strong><\/p>\n<ul>\n<li><a href=\"http:\/\/conviviendo-alzheimer.euroresidentes.com\/2014\/12\/descubriendo-los-principios-del.html\" target=\"_blank\">Los primeros pasos del Alzheimer<\/a><\/li>\n<li><a href=\"http:\/\/conviviendo-alzheimer.euroresidentes.com\/2015\/01\/alzheimer-los-olvidos-que-mas-duelen.html\" target=\"_blank\">Alzheimer: los olvidos que m\u00e1s duelen<\/a><\/li>\n<\/ul>\n","protected":false},"excerpt":{"rendered":"<p>Uno de los s\u00edntomas del Alzheimer u otro tipo de demencia es la p\u00e9rdida de memoria, la cual puede llegar afectar de forma considerable a la vida diaria. El Alzheimer es una enfermedad mental que provoca un lento declive en la memoria y en la capacidad de pensar y razonar. Hay 10 signos y s\u00edntomas de alarma que avisan de esta enfermedad. Cada persona puede experimentar diferentes s\u00edntomas y en diferentes grados. Si nota alguno de ellos, consulte a su m\u00e9dico. \u00a0\u00a0 Alzheimer: 10 signos de alarma\u00a0 \u00a0 1. La p\u00e9rdida de memoria afecta la vida diaria Uno de los <\/p>\n","protected":false},"author":1,"featured_media":303,"parent":0,"menu_order":0,"comment_status":"closed","ping_status":"closed","template":"page-author.php","meta":{"footnotes":""},"class_list":["post-128","page","type-page","status-publish","has-post-thumbnail","hentry","has_thumb"],"yoast_head":"<!-- This site is optimized with the Yoast SEO plugin v26.8 - https:\/\/yoast.com\/product\/yoast-seo-wordpress\/ -->\n<title>10 s\u00edntomas tempranos del Alzheimer - Alzheimer<\/title>\n<meta name=\"robots\" content=\"index, follow, max-snippet:-1, max-image-preview:large, max-video-preview:-1\" \/>\n<link rel=\"canonical\" href=\"https:\/\/www.euroresidentes.com\/salud\/conviviendo-alzheimer\/10-signos-y-sintomas-tempranos-de\/\" \/>\n<meta property=\"og:locale\" content=\"es_ES\" \/>\n<meta property=\"og:type\" content=\"article\" \/>\n<meta property=\"og:title\" content=\"10 s\u00edntomas tempranos del Alzheimer - Alzheimer\" \/>\n<meta property=\"og:description\" content=\"Uno de los s\u00edntomas del Alzheimer u otro tipo de demencia es la p\u00e9rdida de memoria, la cual puede llegar afectar de forma considerable a la vida diaria. El Alzheimer es una enfermedad mental que provoca un lento declive en la memoria y en la capacidad de pensar y razonar. Hay 10 signos y s\u00edntomas de alarma que avisan de esta enfermedad. Cada persona puede experimentar diferentes s\u00edntomas y en diferentes grados. Si nota alguno de ellos, consulte a su m\u00e9dico. \u00a0\u00a0 Alzheimer: 10 signos de alarma\u00a0 \u00a0 1. La p\u00e9rdida de memoria afecta la vida diaria Uno de los\" \/>\n<meta property=\"og:url\" content=\"https:\/\/www.euroresidentes.com\/salud\/conviviendo-alzheimer\/10-signos-y-sintomas-tempranos-de\/\" \/>\n<meta property=\"og:site_name\" content=\"Alzheimer\" \/>\n<meta property=\"article:modified_time\" content=\"2017-09-21T07:25:50+00:00\" \/>\n<meta property=\"og:image\" content=\"https:\/\/www.euroresidentes.com\/salud\/conviviendo-alzheimer\/wp-content\/uploads\/sites\/2\/2015\/01\/sintomas-alzheimer.jpg\" \/>\n\t<meta property=\"og:image:width\" content=\"700\" \/>\n\t<meta property=\"og:image:height\" content=\"525\" \/>\n\t<meta property=\"og:image:type\" content=\"image\/jpeg\" \/>\n<meta name=\"twitter:card\" content=\"summary_large_image\" \/>\n<meta name=\"twitter:label1\" content=\"Est. reading time\" \/>\n\t<meta name=\"twitter:data1\" content=\"6 minutos\" \/>\n<script type=\"application\/ld+json\" class=\"yoast-schema-graph\">{\"@context\":\"https:\/\/schema.org\",\"@graph\":[{\"@type\":\"WebPage\",\"@id\":\"https:\/\/www.euroresidentes.com\/salud\/conviviendo-alzheimer\/10-signos-y-sintomas-tempranos-de\/\",\"url\":\"https:\/\/www.euroresidentes.com\/salud\/conviviendo-alzheimer\/10-signos-y-sintomas-tempranos-de\/\",\"name\":\"10 s\u00edntomas tempranos del Alzheimer - Alzheimer\",\"isPartOf\":{\"@id\":\"https:\/\/www.euroresidentes.com\/salud\/conviviendo-alzheimer\/#website\"},\"primaryImageOfPage\":{\"@id\":\"https:\/\/www.euroresidentes.com\/salud\/conviviendo-alzheimer\/10-signos-y-sintomas-tempranos-de\/#primaryimage\"},\"image\":{\"@id\":\"https:\/\/www.euroresidentes.com\/salud\/conviviendo-alzheimer\/10-signos-y-sintomas-tempranos-de\/#primaryimage\"},\"thumbnailUrl\":\"https:\/\/www.euroresidentes.com\/salud\/conviviendo-alzheimer\/wp-content\/uploads\/sites\/2\/2015\/01\/sintomas-alzheimer.jpg\",\"datePublished\":\"2015-01-12T17:44:00+00:00\",\"dateModified\":\"2017-09-21T07:25:50+00:00\",\"breadcrumb\":{\"@id\":\"https:\/\/www.euroresidentes.com\/salud\/conviviendo-alzheimer\/10-signos-y-sintomas-tempranos-de\/#breadcrumb\"},\"inLanguage\":\"es\",\"potentialAction\":[{\"@type\":\"ReadAction\",\"target\":[\"https:\/\/www.euroresidentes.com\/salud\/conviviendo-alzheimer\/10-signos-y-sintomas-tempranos-de\/\"]}]},{\"@type\":\"ImageObject\",\"inLanguage\":\"es\",\"@id\":\"https:\/\/www.euroresidentes.com\/salud\/conviviendo-alzheimer\/10-signos-y-sintomas-tempranos-de\/#primaryimage\",\"url\":\"https:\/\/www.euroresidentes.com\/salud\/conviviendo-alzheimer\/wp-content\/uploads\/sites\/2\/2015\/01\/sintomas-alzheimer.jpg\",\"contentUrl\":\"https:\/\/www.euroresidentes.com\/salud\/conviviendo-alzheimer\/wp-content\/uploads\/sites\/2\/2015\/01\/sintomas-alzheimer.jpg\",\"width\":700,\"height\":525},{\"@type\":\"BreadcrumbList\",\"@id\":\"https:\/\/www.euroresidentes.com\/salud\/conviviendo-alzheimer\/10-signos-y-sintomas-tempranos-de\/#breadcrumb\",\"itemListElement\":[{\"@type\":\"ListItem\",\"position\":1,\"name\":\"Portada\",\"item\":\"https:\/\/www.euroresidentes.com\/salud\/conviviendo-alzheimer\/\"},{\"@type\":\"ListItem\",\"position\":2,\"name\":\"10 s\u00edntomas tempranos del Alzheimer\"}]},{\"@type\":\"WebSite\",\"@id\":\"https:\/\/www.euroresidentes.com\/salud\/conviviendo-alzheimer\/#website\",\"url\":\"https:\/\/www.euroresidentes.com\/salud\/conviviendo-alzheimer\/\",\"name\":\"Alzheimer\",\"description\":\"Alzheimer Euroresidentes\",\"potentialAction\":[{\"@type\":\"SearchAction\",\"target\":{\"@type\":\"EntryPoint\",\"urlTemplate\":\"https:\/\/www.euroresidentes.com\/salud\/conviviendo-alzheimer\/?s={search_term_string}\"},\"query-input\":{\"@type\":\"PropertyValueSpecification\",\"valueRequired\":true,\"valueName\":\"search_term_string\"}}],\"inLanguage\":\"es\"}]}<\/script>\n<!-- \/ Yoast SEO plugin. -->","yoast_head_json":{"title":"10 s\u00edntomas tempranos del Alzheimer - Alzheimer","robots":{"index":"index","follow":"follow","max-snippet":"max-snippet:-1","max-image-preview":"max-image-preview:large","max-video-preview":"max-video-preview:-1"},"canonical":"https:\/\/www.euroresidentes.com\/salud\/conviviendo-alzheimer\/10-signos-y-sintomas-tempranos-de\/","og_locale":"es_ES","og_type":"article","og_title":"10 s\u00edntomas tempranos del Alzheimer - Alzheimer","og_description":"Uno de los s\u00edntomas del Alzheimer u otro tipo de demencia es la p\u00e9rdida de memoria, la cual puede llegar afectar de forma considerable a la vida diaria. El Alzheimer es una enfermedad mental que provoca un lento declive en la memoria y en la capacidad de pensar y razonar. Hay 10 signos y s\u00edntomas de alarma que avisan de esta enfermedad. Cada persona puede experimentar diferentes s\u00edntomas y en diferentes grados. Si nota alguno de ellos, consulte a su m\u00e9dico. \u00a0\u00a0 Alzheimer: 10 signos de alarma\u00a0 \u00a0 1. La p\u00e9rdida de memoria afecta la vida diaria Uno de los","og_url":"https:\/\/www.euroresidentes.com\/salud\/conviviendo-alzheimer\/10-signos-y-sintomas-tempranos-de\/","og_site_name":"Alzheimer","article_modified_time":"2017-09-21T07:25:50+00:00","og_image":[{"width":700,"height":525,"url":"https:\/\/www.euroresidentes.com\/salud\/conviviendo-alzheimer\/wp-content\/uploads\/sites\/2\/2015\/01\/sintomas-alzheimer.jpg","type":"image\/jpeg"}],"twitter_card":"summary_large_image","twitter_misc":{"Est. reading time":"6 minutos"},"schema":{"@context":"https:\/\/schema.org","@graph":[{"@type":"WebPage","@id":"https:\/\/www.euroresidentes.com\/salud\/conviviendo-alzheimer\/10-signos-y-sintomas-tempranos-de\/","url":"https:\/\/www.euroresidentes.com\/salud\/conviviendo-alzheimer\/10-signos-y-sintomas-tempranos-de\/","name":"10 s\u00edntomas tempranos del Alzheimer - Alzheimer","isPartOf":{"@id":"https:\/\/www.euroresidentes.com\/salud\/conviviendo-alzheimer\/#website"},"primaryImageOfPage":{"@id":"https:\/\/www.euroresidentes.com\/salud\/conviviendo-alzheimer\/10-signos-y-sintomas-tempranos-de\/#primaryimage"},"image":{"@id":"https:\/\/www.euroresidentes.com\/salud\/conviviendo-alzheimer\/10-signos-y-sintomas-tempranos-de\/#primaryimage"},"thumbnailUrl":"https:\/\/www.euroresidentes.com\/salud\/conviviendo-alzheimer\/wp-content\/uploads\/sites\/2\/2015\/01\/sintomas-alzheimer.jpg","datePublished":"2015-01-12T17:44:00+00:00","dateModified":"2017-09-21T07:25:50+00:00","breadcrumb":{"@id":"https:\/\/www.euroresidentes.com\/salud\/conviviendo-alzheimer\/10-signos-y-sintomas-tempranos-de\/#breadcrumb"},"inLanguage":"es","potentialAction":[{"@type":"ReadAction","target":["https:\/\/www.euroresidentes.com\/salud\/conviviendo-alzheimer\/10-signos-y-sintomas-tempranos-de\/"]}]},{"@type":"ImageObject","inLanguage":"es","@id":"https:\/\/www.euroresidentes.com\/salud\/conviviendo-alzheimer\/10-signos-y-sintomas-tempranos-de\/#primaryimage","url":"https:\/\/www.euroresidentes.com\/salud\/conviviendo-alzheimer\/wp-content\/uploads\/sites\/2\/2015\/01\/sintomas-alzheimer.jpg","contentUrl":"https:\/\/www.euroresidentes.com\/salud\/conviviendo-alzheimer\/wp-content\/uploads\/sites\/2\/2015\/01\/sintomas-alzheimer.jpg","width":700,"height":525},{"@type":"BreadcrumbList","@id":"https:\/\/www.euroresidentes.com\/salud\/conviviendo-alzheimer\/10-signos-y-sintomas-tempranos-de\/#breadcrumb","itemListElement":[{"@type":"ListItem","position":1,"name":"Portada","item":"https:\/\/www.euroresidentes.com\/salud\/conviviendo-alzheimer\/"},{"@type":"ListItem","position":2,"name":"10 s\u00edntomas tempranos del Alzheimer"}]},{"@type":"WebSite","@id":"https:\/\/www.euroresidentes.com\/salud\/conviviendo-alzheimer\/#website","url":"https:\/\/www.euroresidentes.com\/salud\/conviviendo-alzheimer\/","name":"Alzheimer","description":"Alzheimer Euroresidentes","potentialAction":[{"@type":"SearchAction","target":{"@type":"EntryPoint","urlTemplate":"https:\/\/www.euroresidentes.com\/salud\/conviviendo-alzheimer\/?s={search_term_string}"},"query-input":{"@type":"PropertyValueSpecification","valueRequired":true,"valueName":"search_term_string"}}],"inLanguage":"es"}]}},"_links":{"self":[{"href":"https:\/\/www.euroresidentes.com\/salud\/conviviendo-alzheimer\/wp-json\/wp\/v2\/pages\/128","targetHints":{"allow":["GET"]}}],"collection":[{"href":"https:\/\/www.euroresidentes.com\/salud\/conviviendo-alzheimer\/wp-json\/wp\/v2\/pages"}],"about":[{"href":"https:\/\/www.euroresidentes.com\/salud\/conviviendo-alzheimer\/wp-json\/wp\/v2\/types\/page"}],"author":[{"embeddable":true,"href":"https:\/\/www.euroresidentes.com\/salud\/conviviendo-alzheimer\/wp-json\/wp\/v2\/users\/1"}],"replies":[{"embeddable":true,"href":"https:\/\/www.euroresidentes.com\/salud\/conviviendo-alzheimer\/wp-json\/wp\/v2\/comments?post=128"}],"version-history":[{"count":4,"href":"https:\/\/www.euroresidentes.com\/salud\/conviviendo-alzheimer\/wp-json\/wp\/v2\/pages\/128\/revisions"}],"predecessor-version":[{"id":306,"href":"https:\/\/www.euroresidentes.com\/salud\/conviviendo-alzheimer\/wp-json\/wp\/v2\/pages\/128\/revisions\/306"}],"wp:featuredmedia":[{"embeddable":true,"href":"https:\/\/www.euroresidentes.com\/salud\/conviviendo-alzheimer\/wp-json\/wp\/v2\/media\/303"}],"wp:attachment":[{"href":"https:\/\/www.euroresidentes.com\/salud\/conviviendo-alzheimer\/wp-json\/wp\/v2\/media?parent=128"}],"curies":[{"name":"wp","href":"https:\/\/api.w.org\/{rel}","templated":true}]}}