 

{"id":124,"date":"2015-02-05T19:32:00","date_gmt":"2015-02-05T19:32:00","guid":{"rendered":"https:\/\/www.euroresidentes.com\/salud\/conviviendo-alzheimer\/sintomas-de-la-ultima-fase-de.html"},"modified":"2016-11-02T14:14:15","modified_gmt":"2016-11-02T13:14:15","slug":"sintomas-de-la-ultima-fase-de","status":"publish","type":"page","link":"https:\/\/www.euroresidentes.com\/salud\/conviviendo-alzheimer\/sintomas-de-la-ultima-fase-de\/","title":{"rendered":"S\u00edntomas de la demencia en \u00faltima fase"},"content":{"rendered":"<div>\n<table align=\"center\" cellpadding=\"0\" cellspacing=\"0\" class=\"tr-caption-container\" style=\"margin-left: auto; margin-right: auto; text-align: center;\">\n<tbody>\n<tr>\n<td style=\"text-align: center;\"><a href=\"https:\/\/www.euroresidentes.com\/salud\/conviviendo-alzheimer\/wp-content\/uploads\/sites\/2\/2015\/02\/hoja-seca-alzheimer.jpg\" imageanchor=\"1\" style=\"margin-left: auto; margin-right: auto;\"><img loading=\"lazy\" decoding=\"async\" border=\"0\" src=\"https:\/\/www.euroresidentes.com\/salud\/conviviendo-alzheimer\/wp-content\/uploads\/sites\/2\/2015\/02\/hoja-seca-alzheimer.jpg\" height=\"400\" width=\"342\" \/><\/a><\/td>\n<\/tr>\n<tr>\n<td class=\"tr-caption\" style=\"text-align: center;\">Imagen wikipedia<\/td>\n<\/tr>\n<\/tbody>\n<\/table>\n<div class=\"separator\" style=\"clear: both; text-align: center;\">\n<b><\/b>&nbsp;<\/div>\n<h3>\n<b>DEMENCIA \u00bfQU\u00c9 ES?<\/b><\/h3>\n<p>&nbsp;<\/p><\/div>\n<p><b>Seg\u00fan la Asociaci\u00f3n de Alzheimer del Reino Unido, la demencia es una p\u00e9rdida de la funci\u00f3n cerebral<\/b> que se ve afectada por ciertas enfermedades. Existen diferentes <b>tipos de demencia<\/b>, cuyos nombres derivan de la enfermedad que causa la demencia. Una de las m\u00e1s comunes es el <b>Alzheimer<\/b>, una enfermedad que afecta la memoria, el pensamiento y el comportamiento.<\/p>\n<p>Las personas que sufren demencia se vuelven m\u00e1s fr\u00e1giles conforme avanza la enfermedad y cada vez necesitan m\u00e1s ayuda para que les cuiden. &nbsp;Saber qu\u00e9 es lo que va a ocurrir en la \u00faltima fase de la enfermedad ayudar\u00e1:<\/p>\n<ul>\n<li>a la persona que sufra demencia a decidir, antes de que llegue a la \u00faltima fase, el tratamiento y cuidado que desea recibir.&nbsp;<\/li>\n<li>a los cuidadores y familiares a reflexionar tambi\u00e9n sobre estos aspectos.&nbsp;<\/li>\n<\/ul>\n<p>La \u00faltima fase de la demencia es una etapa de angustia tanto para familiares como para las personas que cuidan a los enfermos. <b>Se recomienda pedir informaci\u00f3n, ayuda y orientaci\u00f3n a la asociaci\u00f3n de Alzheimer nacional o local<\/b> en cuesti\u00f3n.<\/p>\n<p>En primer lugar, conviene recordar que los <b>s\u00edntomas de la demencia var\u00edan de un paciente a otro<\/b>.<br \/>\nA continuaci\u00f3n se describen los s\u00edntomas m\u00e1s caracter\u00edsticos de la \u00faltima fase del Alzheimer. No obstante, el hecho de que el paciente sufra varios algunos de estos s\u00edntomas no implica que \u00e9ste se encuentre en la \u00faltima fase de la enfermedad, ya que tambi\u00e9n se pueden experimentar algunos de ellos en fases m\u00e1s tempranas.<\/p>\n<p>En este post hablaremos de los&nbsp;<b>s\u00edntomas m\u00e1s comunes que se dan en la \u00faltima fase&nbsp;<\/b>(fase severa o fase avanzada)&nbsp;<b>de la mayor\u00eda de demencias (entre ellas el Alzheimer).&nbsp;<\/b><\/p>\n<h3>\nS\u00cdNTOMAS<\/h3>\n<p>\nLos s\u00edntomas m\u00e1s comunes en las \u00faltimas estapas de la mayor\u00eda de demencias son:<\/p>\n<h3>\n<b>1.&nbsp;P\u00e9rdida de memoria<\/b><\/h3>\n<p><\/p>\n<ul>\n<li>La p\u00e9rdida de memoria en esta fase es muy severa. Algunos enfermos son incapaces de reconocer a familiares o incluso a ellos mismos si se miran al espejo, aunque a veces tienen <i>flashes<\/i> o momentos en los que s\u00ed recuerdan.&nbsp;<\/li>\n<li>Son incapaces de llegar a lugares conocidos o de identificar objetos comunes.&nbsp;<\/li>\n<li>Creen vivir en una \u00e9poca pasada por lo que pueden buscar algo o alguien que relacionen con esa \u00e9poca. En este caso, lo mejor que se puede hacer para tranquilizarlos es hablar con ellos sobre la misma.&nbsp;<\/li>\n<\/ul>\n<p><b>Consejo<\/b>: Aunque el enfermo tenga problemas graves de memoria, puede que todav\u00eda responda a otros est\u00edmulos como la m\u00fasica, un aroma o el tacto. Aunque no pueda responder, h\u00e1blele.<\/p>\n<h3>\n<br \/><b>2.&nbsp;Problemas de comunicaci\u00f3n<\/b><\/h3>\n<p>\n<i>Comunicaci\u00f3n verbal<\/i>. Las personas que sufren demencia:<\/p>\n<ul>\n<li>tienen cada vez m\u00e1s problemas para comprender lo que se les dice y lo que ocurre a su alrededor.&nbsp;<\/li>\n<li>tienen dificultad para comunicarse con otras personas, ya que pierden la capacidad de hablar. Suelen repetir palabras o hablar a gritos.&nbsp;<\/li>\n<\/ul>\n<p>\n<i>Comunicaci\u00f3n no verbal<\/i>. Los enfermos que sufren demencia pueden comunicarse a trav\u00e9s del lenguaje corporal y:<\/p>\n<ul>\n<li>reflejar su estado de \u00e1nimo mediante gestos o movimientos.<\/li>\n<li>Recibir y devolver se\u00f1ales emocionales, incluso mucho despu\u00e9s de haber perdido la capacidad de habla.&nbsp;<\/li>\n<\/ul>\n<p>\n<b>Consejo<\/b>: Contin\u00fae habl\u00e1ndole con normalidad, aunque crea que el enfermo no sea capaz de comprenderle. Es una forma de preservar su dignidad. Adem\u00e1s, habr\u00e1 momentos en los que el paciente parezca responder.<\/p>\n<h3>\n<b>3.&nbsp;P\u00e9rdida de movilidad<\/b><\/h3>\n<p>\nLos enfermos de demencia van perdiendo gradualmente su capacidad para caminar y realizar las actividades diaria. Los primeros s\u00edntomas de la p\u00e9rdida de movilidad son:<\/p>\n<ul>\n<li>arrastran los pies o se vuelven inseguros al caminar.&nbsp;<\/li>\n<li>parecen lentos o torpes. Pueden chocarse con objetos y tirarlos al suelo o incluso caerse.&nbsp;<\/li>\n<\/ul>\n<p><b>Nota<\/b>: La artritis, un derrame cerebral o una simple ca\u00edda pueden tambi\u00e9n provocar s\u00edntomas de p\u00e9rdida de movilidad.<\/p>\n<p><b>Consejo<\/b>: La p\u00e9rdida de movilidad es tan grande en algunos pacientes que acaban en una silla o en &nbsp;una cama sin poder moverse. Conviene que las personas que cuiden del enfermo consulten a un profesional (fisioterapeuta o enfermeros de centros geri\u00e1tricos) sobre:<br \/>\n&#8211; c\u00f3mo mover al paciente para que ninguno de los dos se haga da\u00f1o.<br \/>\n&#8211; equipos u otras soluciones de movilidad.<br \/>\n<b><br \/><\/b><br \/>\n<\/p>\n<h3>\n<b>4.&nbsp;P\u00e9rdida de apetito y peso<\/b><\/h3>\n<p>\nAunque hay pacientes que engordan, por lo general suelen perder peso. Debemos asegurarnos de que la persona coma y beba lo suficiente y normalmente habr\u00e1 que animarles para que lo hagan. &nbsp;Esta p\u00e9rdida de peso:<\/p>\n<ul>\n<li>Afecta al sistema inmune, debilit\u00e1ndolo y haciendo que el cuerpo no pueda defenderse contra las infecciones.&nbsp;<\/li>\n<li>Aumenta el riesgo de ca\u00eddas<\/li>\n<li>la persona es cada vez menos independiente.&nbsp;<\/li>\n<\/ul>\n<p>\nEn las \u00faltimas fases, los enfermos tienen problemas para masticar o para tragar, lo que se conoce como disfagia. &nbsp;Esto se debe a problemas con los reflejos y a un mal funcionamiento de los m\u00fasculos, lo que provoca riesgo de asfixia e infecciones de pecho.<\/p>\n<p><b>Consejo:<\/b> Es muy importante buscar ayuda en estos casos. El m\u00e9dico de cabecera o los enfermeros del geri\u00e1trico le pueden recomendar alg\u00fan logopeda o nutricionista. \u00c9stos \u00faltimos le aconsejar\u00e1n una dieta especial o, si el paciente no puede comer ni beber con normalidad, puede realizar una evaluaci\u00f3n que estime si es oportuno el uso de una sonda de alimentaci\u00f3n.<\/p>\n<h3>\n<b>5.&nbsp;Problemas de incontinencia<\/b><\/h3>\n<p>\nLos enfermos de demencia suelen tener problemas de incontinencia urinaria o fecal. \u00c9stos puede ser simples p\u00e9rdidas ocasionales u ocurrir siempre o la mayor parte del tiempo.<\/p>\n<p>La incontinencia no es un s\u00edntoma que no se pueda evitar, pero se produce por varias razones:<\/p>\n<ul>\n<li>cuestiones m\u00e9dicas (tienen tratamiento)<\/li>\n<li>infecci\u00f3n en el tracto urinario&nbsp;<\/li>\n<li>efectos secundarios de la medicaci\u00f3n<\/li>\n<li>problemas en la gl\u00e1ndula prost\u00e1tica<\/li>\n<li>olvidar que se tiene que ir al ba\u00f1o u olvidar c\u00f3mo hacer las propias necesidades<\/li>\n<\/ul>\n<p><b>Consejo:<\/b> El m\u00e9dico de cabecera le puede aconsejar que acuda a las enfermeras del geri\u00e1trico, quienes le dar\u00e1n informaci\u00f3n sobre los pa\u00f1ales de incontinencia u otros m\u00e9todos que le ayuden con este problema.<\/p>\n<h3>\n<b>6.&nbsp;Cambios de comportamiento<\/b><\/h3>\n<p>\nLas personas que est\u00e9n en la \u00faltima fase suelen experimentar cambios en la conducta y pueden llegar a comportarse de forma extra\u00f1a e inusual. Dichos cambios variar\u00e1n en funci\u00f3n de la persona, pero los m\u00e1s comunes son:<\/p>\n<ul>\n<li>\u201cS\u00edndrome de la puesta de sol\u201d. A \u00faltimas horas de la tarde est\u00e1n m\u00e1s confundidos, nerviosos y tienden a deambular. Conviene prestarles m\u00e1s atenci\u00f3n a estas horas o pedir ayuda extra.&nbsp;<\/li>\n<li>Pueden tener reacciones violentas si se sienten amenazados o no comprenden lo que est\u00e1 pasando a su alrededor.&nbsp;<\/li>\n<li>Se balancean hacia adelante y hacia atr\u00e1s, tienen conductas compulsivas y empiezan a repetir un mismo sonido o palabra. Si la persona est\u00e1 tranquila, puede ser una buena estrategia de afrontamiento. Si la ves tensa, puede que est\u00e9 pas\u00e1ndolo mal por alg\u00fan motivo, por lo que se recomienda comprobar si se ha hecho sus necesidades encima o tiene problemas para hacerlas, si le duele algo o si tiene hambre o sed. Este tipo de problemas provocan cambios en el comportamiento del anciano.&nbsp;<\/li>\n<li>Alucinaciones (ven, huele, oyen, saborean o sienten cosas que no son reales) e ideas err\u00f3neas sobre lo que ocurre a su alrededor. Si est\u00e1n angustiados, distraerlos o consolarlos ayudar\u00e1.&nbsp;<\/li>\n<li>Est\u00e1n nerviosos porque necesitan m\u00e1s actividad f\u00edsica. Una forma de ayudar a relajarlos es hacer que caminen un poco durante el d\u00eda (con nuestra ayuda), hacer ejercicios suaves o dejar que se mezan en una mecedora, por ejemplo.&nbsp;<\/li>\n<li>Movimiento excesivo de manos: retorcer las manos, estirarse la ropa, dar golpes con el dedo, no dejar de moverse o tocarse de manera inapropiada en p\u00fablico, son algunos comportamientos t\u00edpicos. Una caja que contenga objetos de su pasado, como fotos, ovillo de lana u otras herramientas (siempre que no sean peligrosas) le ayudar\u00e1 a tener las manos ocupadas.&nbsp;<\/li>\n<li>Pueden pasar largos ratos sin moverse cuando est\u00e1n quietos, simplemente con los ojos abiertos sin hacer ninguna otra cosa<\/li>\n<\/ul>\n<p><\/p>\n<h3>\nCONSEJOS PARA ALIVIAR EL MALESTAR DEL ENFERMO<\/h3>\n<p><\/p>\n<div align=\"center\">\n<a href=\"https:\/\/www.euroresidentes.com\/salud\/conviviendo-alzheimer\/wp-content\/uploads\/sites\/2\/2015\/02\/Alzheimer_mujer.jpg\" imageanchor=\"1\" style=\"margin-left: 1em; margin-right: 1em;\"><img loading=\"lazy\" decoding=\"async\" border=\"0\" src=\"https:\/\/www.euroresidentes.com\/salud\/conviviendo-alzheimer\/wp-content\/uploads\/sites\/2\/2015\/02\/Alzheimer_mujer.jpg\" height=\"300\" width=\"400\" \/><\/a><\/div>\n<div align=\"center\">\n&nbsp;<\/div>\n<p>No siempre se sabe cu\u00e1les son las causas de este tipo de comportamientos, &nbsp;pero puede deberse al progreso de la misma enfermedad o a posibles sensaciones de malestar o angustia. Algunos consejos que pueden ser de ayuda son:<\/p>\n<ul>\n<li>Si el anciano usa gafas procure que est\u00e9n limpias y si utiliza aud\u00edfono compruebe que funciona correctamente.&nbsp;<\/li>\n<li>Aseg\u00farese de que la medicaci\u00f3n que est\u00e1 tomando es adecuada, si est\u00e1 enfermo o si le duele algo.&nbsp;<\/li>\n<li>Evite entornos en los que haya mucha gente, actividad, luces, ruidos o movimientos. Todo esto le puede molestar.&nbsp;<\/li>\n<li>Observe si est\u00e1 aburrido y necesita alg\u00fan tipo de est\u00edmulo. Por ejemplo, un masaje en las manos, ponerle su canci\u00f3n o m\u00fasica preferida o hacer que toque una tela suave, son cosas que le pueden hacer sentir mejor.&nbsp;<\/li>\n<li>Aseg\u00farese, sobre todo, de que el anciano se sienta c\u00f3modo, que no pase ni fr\u00edo ni calor, que no pase hambre o tenga sed, o que no tenga ganas de ir al ba\u00f1o.&nbsp;<\/li>\n<\/ul>\n<p><\/p>\n<h3>\nSeguir leyendo<\/h3>\n<p><\/p>\n<ul>\n<li><a href=\"http:\/\/conviviendo-alzheimer.euroresidentes.com\/p\/el-alzheimer-es-una-enfermedad.html\" target=\"_blank\">Las etapas del Alzheimer y sus s\u00edntomas<\/a><\/li>\n<\/ul>\n<p>Fuentes consultadas:<br \/>\nhttp:\/\/www.nhs.uk\/<br \/>\nhttp:\/\/www.alzheimers.org.uk<br \/>\nhttp:\/\/www.nlm.nih.gov<\/p>\n<div>\n<\/div>\n","protected":false},"excerpt":{"rendered":"<p>Imagen wikipedia &nbsp; DEMENCIA \u00bfQU\u00c9 ES? &nbsp; Seg\u00fan la Asociaci\u00f3n de Alzheimer del Reino Unido, la demencia es una p\u00e9rdida de la funci\u00f3n cerebral que se ve afectada por ciertas enfermedades. Existen diferentes tipos de demencia, cuyos nombres derivan de la enfermedad que causa la demencia. Una de las m\u00e1s comunes es el Alzheimer, una enfermedad que afecta la memoria, el pensamiento y el comportamiento. Las personas que sufren demencia se vuelven m\u00e1s fr\u00e1giles conforme avanza la enfermedad y cada vez necesitan m\u00e1s ayuda para que les cuiden. &nbsp;Saber qu\u00e9 es lo que va a ocurrir en la \u00faltima fase <\/p>\n","protected":false},"author":1,"featured_media":0,"parent":0,"menu_order":0,"comment_status":"closed","ping_status":"closed","template":"page-author.php","meta":{"footnotes":""},"class_list":["post-124","page","type-page","status-publish","hentry"],"yoast_head":"<!-- This site is optimized with the Yoast SEO plugin v26.8 - https:\/\/yoast.com\/product\/yoast-seo-wordpress\/ -->\n<title>S\u00edntomas de la demencia en \u00faltima fase - Alzheimer<\/title>\n<meta name=\"robots\" content=\"index, follow, max-snippet:-1, max-image-preview:large, max-video-preview:-1\" \/>\n<link rel=\"canonical\" href=\"https:\/\/www.euroresidentes.com\/salud\/conviviendo-alzheimer\/sintomas-de-la-ultima-fase-de\/\" \/>\n<meta property=\"og:locale\" content=\"es_ES\" \/>\n<meta property=\"og:type\" content=\"article\" \/>\n<meta property=\"og:title\" content=\"S\u00edntomas de la demencia en \u00faltima fase - Alzheimer\" \/>\n<meta property=\"og:description\" content=\"Imagen wikipedia &nbsp; DEMENCIA \u00bfQU\u00c9 ES? &nbsp; Seg\u00fan la Asociaci\u00f3n de Alzheimer del Reino Unido, la demencia es una p\u00e9rdida de la funci\u00f3n cerebral que se ve afectada por ciertas enfermedades. Existen diferentes tipos de demencia, cuyos nombres derivan de la enfermedad que causa la demencia. Una de las m\u00e1s comunes es el Alzheimer, una enfermedad que afecta la memoria, el pensamiento y el comportamiento. Las personas que sufren demencia se vuelven m\u00e1s fr\u00e1giles conforme avanza la enfermedad y cada vez necesitan m\u00e1s ayuda para que les cuiden. &nbsp;Saber qu\u00e9 es lo que va a ocurrir en la \u00faltima fase\" \/>\n<meta property=\"og:url\" content=\"https:\/\/www.euroresidentes.com\/salud\/conviviendo-alzheimer\/sintomas-de-la-ultima-fase-de\/\" \/>\n<meta property=\"og:site_name\" content=\"Alzheimer\" \/>\n<meta property=\"article:modified_time\" content=\"2016-11-02T13:14:15+00:00\" \/>\n<meta property=\"og:image\" content=\"https:\/\/www.euroresidentes.com\/salud\/conviviendo-alzheimer\/wp-content\/uploads\/sites\/2\/2015\/02\/hoja-seca-alzheimer.jpg\" \/>\n<meta name=\"twitter:card\" content=\"summary_large_image\" \/>\n<meta name=\"twitter:label1\" content=\"Est. reading time\" \/>\n\t<meta name=\"twitter:data1\" content=\"8 minutos\" \/>\n<script type=\"application\/ld+json\" class=\"yoast-schema-graph\">{\"@context\":\"https:\/\/schema.org\",\"@graph\":[{\"@type\":\"WebPage\",\"@id\":\"https:\/\/www.euroresidentes.com\/salud\/conviviendo-alzheimer\/sintomas-de-la-ultima-fase-de\/\",\"url\":\"https:\/\/www.euroresidentes.com\/salud\/conviviendo-alzheimer\/sintomas-de-la-ultima-fase-de\/\",\"name\":\"S\u00edntomas de la demencia en \u00faltima fase - Alzheimer\",\"isPartOf\":{\"@id\":\"https:\/\/www.euroresidentes.com\/salud\/conviviendo-alzheimer\/#website\"},\"primaryImageOfPage\":{\"@id\":\"https:\/\/www.euroresidentes.com\/salud\/conviviendo-alzheimer\/sintomas-de-la-ultima-fase-de\/#primaryimage\"},\"image\":{\"@id\":\"https:\/\/www.euroresidentes.com\/salud\/conviviendo-alzheimer\/sintomas-de-la-ultima-fase-de\/#primaryimage\"},\"thumbnailUrl\":\"https:\/\/www.euroresidentes.com\/salud\/conviviendo-alzheimer\/wp-content\/uploads\/sites\/2\/2015\/02\/hoja-seca-alzheimer.jpg\",\"datePublished\":\"2015-02-05T19:32:00+00:00\",\"dateModified\":\"2016-11-02T13:14:15+00:00\",\"breadcrumb\":{\"@id\":\"https:\/\/www.euroresidentes.com\/salud\/conviviendo-alzheimer\/sintomas-de-la-ultima-fase-de\/#breadcrumb\"},\"inLanguage\":\"es\",\"potentialAction\":[{\"@type\":\"ReadAction\",\"target\":[\"https:\/\/www.euroresidentes.com\/salud\/conviviendo-alzheimer\/sintomas-de-la-ultima-fase-de\/\"]}]},{\"@type\":\"ImageObject\",\"inLanguage\":\"es\",\"@id\":\"https:\/\/www.euroresidentes.com\/salud\/conviviendo-alzheimer\/sintomas-de-la-ultima-fase-de\/#primaryimage\",\"url\":\"https:\/\/www.euroresidentes.com\/salud\/conviviendo-alzheimer\/wp-content\/uploads\/sites\/2\/2015\/02\/hoja-seca-alzheimer.jpg\",\"contentUrl\":\"https:\/\/www.euroresidentes.com\/salud\/conviviendo-alzheimer\/wp-content\/uploads\/sites\/2\/2015\/02\/hoja-seca-alzheimer.jpg\",\"width\":514,\"height\":600},{\"@type\":\"BreadcrumbList\",\"@id\":\"https:\/\/www.euroresidentes.com\/salud\/conviviendo-alzheimer\/sintomas-de-la-ultima-fase-de\/#breadcrumb\",\"itemListElement\":[{\"@type\":\"ListItem\",\"position\":1,\"name\":\"Portada\",\"item\":\"https:\/\/www.euroresidentes.com\/salud\/conviviendo-alzheimer\/\"},{\"@type\":\"ListItem\",\"position\":2,\"name\":\"S\u00edntomas de la demencia en \u00faltima fase\"}]},{\"@type\":\"WebSite\",\"@id\":\"https:\/\/www.euroresidentes.com\/salud\/conviviendo-alzheimer\/#website\",\"url\":\"https:\/\/www.euroresidentes.com\/salud\/conviviendo-alzheimer\/\",\"name\":\"Alzheimer\",\"description\":\"Alzheimer Euroresidentes\",\"potentialAction\":[{\"@type\":\"SearchAction\",\"target\":{\"@type\":\"EntryPoint\",\"urlTemplate\":\"https:\/\/www.euroresidentes.com\/salud\/conviviendo-alzheimer\/?s={search_term_string}\"},\"query-input\":{\"@type\":\"PropertyValueSpecification\",\"valueRequired\":true,\"valueName\":\"search_term_string\"}}],\"inLanguage\":\"es\"}]}<\/script>\n<!-- \/ Yoast SEO plugin. -->","yoast_head_json":{"title":"S\u00edntomas de la demencia en \u00faltima fase - Alzheimer","robots":{"index":"index","follow":"follow","max-snippet":"max-snippet:-1","max-image-preview":"max-image-preview:large","max-video-preview":"max-video-preview:-1"},"canonical":"https:\/\/www.euroresidentes.com\/salud\/conviviendo-alzheimer\/sintomas-de-la-ultima-fase-de\/","og_locale":"es_ES","og_type":"article","og_title":"S\u00edntomas de la demencia en \u00faltima fase - Alzheimer","og_description":"Imagen wikipedia &nbsp; DEMENCIA \u00bfQU\u00c9 ES? &nbsp; Seg\u00fan la Asociaci\u00f3n de Alzheimer del Reino Unido, la demencia es una p\u00e9rdida de la funci\u00f3n cerebral que se ve afectada por ciertas enfermedades. Existen diferentes tipos de demencia, cuyos nombres derivan de la enfermedad que causa la demencia. Una de las m\u00e1s comunes es el Alzheimer, una enfermedad que afecta la memoria, el pensamiento y el comportamiento. Las personas que sufren demencia se vuelven m\u00e1s fr\u00e1giles conforme avanza la enfermedad y cada vez necesitan m\u00e1s ayuda para que les cuiden. &nbsp;Saber qu\u00e9 es lo que va a ocurrir en la \u00faltima fase","og_url":"https:\/\/www.euroresidentes.com\/salud\/conviviendo-alzheimer\/sintomas-de-la-ultima-fase-de\/","og_site_name":"Alzheimer","article_modified_time":"2016-11-02T13:14:15+00:00","og_image":[{"url":"https:\/\/www.euroresidentes.com\/salud\/conviviendo-alzheimer\/wp-content\/uploads\/sites\/2\/2015\/02\/hoja-seca-alzheimer.jpg","type":"","width":"","height":""}],"twitter_card":"summary_large_image","twitter_misc":{"Est. reading time":"8 minutos"},"schema":{"@context":"https:\/\/schema.org","@graph":[{"@type":"WebPage","@id":"https:\/\/www.euroresidentes.com\/salud\/conviviendo-alzheimer\/sintomas-de-la-ultima-fase-de\/","url":"https:\/\/www.euroresidentes.com\/salud\/conviviendo-alzheimer\/sintomas-de-la-ultima-fase-de\/","name":"S\u00edntomas de la demencia en \u00faltima fase - Alzheimer","isPartOf":{"@id":"https:\/\/www.euroresidentes.com\/salud\/conviviendo-alzheimer\/#website"},"primaryImageOfPage":{"@id":"https:\/\/www.euroresidentes.com\/salud\/conviviendo-alzheimer\/sintomas-de-la-ultima-fase-de\/#primaryimage"},"image":{"@id":"https:\/\/www.euroresidentes.com\/salud\/conviviendo-alzheimer\/sintomas-de-la-ultima-fase-de\/#primaryimage"},"thumbnailUrl":"https:\/\/www.euroresidentes.com\/salud\/conviviendo-alzheimer\/wp-content\/uploads\/sites\/2\/2015\/02\/hoja-seca-alzheimer.jpg","datePublished":"2015-02-05T19:32:00+00:00","dateModified":"2016-11-02T13:14:15+00:00","breadcrumb":{"@id":"https:\/\/www.euroresidentes.com\/salud\/conviviendo-alzheimer\/sintomas-de-la-ultima-fase-de\/#breadcrumb"},"inLanguage":"es","potentialAction":[{"@type":"ReadAction","target":["https:\/\/www.euroresidentes.com\/salud\/conviviendo-alzheimer\/sintomas-de-la-ultima-fase-de\/"]}]},{"@type":"ImageObject","inLanguage":"es","@id":"https:\/\/www.euroresidentes.com\/salud\/conviviendo-alzheimer\/sintomas-de-la-ultima-fase-de\/#primaryimage","url":"https:\/\/www.euroresidentes.com\/salud\/conviviendo-alzheimer\/wp-content\/uploads\/sites\/2\/2015\/02\/hoja-seca-alzheimer.jpg","contentUrl":"https:\/\/www.euroresidentes.com\/salud\/conviviendo-alzheimer\/wp-content\/uploads\/sites\/2\/2015\/02\/hoja-seca-alzheimer.jpg","width":514,"height":600},{"@type":"BreadcrumbList","@id":"https:\/\/www.euroresidentes.com\/salud\/conviviendo-alzheimer\/sintomas-de-la-ultima-fase-de\/#breadcrumb","itemListElement":[{"@type":"ListItem","position":1,"name":"Portada","item":"https:\/\/www.euroresidentes.com\/salud\/conviviendo-alzheimer\/"},{"@type":"ListItem","position":2,"name":"S\u00edntomas de la demencia en \u00faltima fase"}]},{"@type":"WebSite","@id":"https:\/\/www.euroresidentes.com\/salud\/conviviendo-alzheimer\/#website","url":"https:\/\/www.euroresidentes.com\/salud\/conviviendo-alzheimer\/","name":"Alzheimer","description":"Alzheimer Euroresidentes","potentialAction":[{"@type":"SearchAction","target":{"@type":"EntryPoint","urlTemplate":"https:\/\/www.euroresidentes.com\/salud\/conviviendo-alzheimer\/?s={search_term_string}"},"query-input":{"@type":"PropertyValueSpecification","valueRequired":true,"valueName":"search_term_string"}}],"inLanguage":"es"}]}},"_links":{"self":[{"href":"https:\/\/www.euroresidentes.com\/salud\/conviviendo-alzheimer\/wp-json\/wp\/v2\/pages\/124","targetHints":{"allow":["GET"]}}],"collection":[{"href":"https:\/\/www.euroresidentes.com\/salud\/conviviendo-alzheimer\/wp-json\/wp\/v2\/pages"}],"about":[{"href":"https:\/\/www.euroresidentes.com\/salud\/conviviendo-alzheimer\/wp-json\/wp\/v2\/types\/page"}],"author":[{"embeddable":true,"href":"https:\/\/www.euroresidentes.com\/salud\/conviviendo-alzheimer\/wp-json\/wp\/v2\/users\/1"}],"replies":[{"embeddable":true,"href":"https:\/\/www.euroresidentes.com\/salud\/conviviendo-alzheimer\/wp-json\/wp\/v2\/comments?post=124"}],"version-history":[{"count":1,"href":"https:\/\/www.euroresidentes.com\/salud\/conviviendo-alzheimer\/wp-json\/wp\/v2\/pages\/124\/revisions"}],"predecessor-version":[{"id":167,"href":"https:\/\/www.euroresidentes.com\/salud\/conviviendo-alzheimer\/wp-json\/wp\/v2\/pages\/124\/revisions\/167"}],"wp:attachment":[{"href":"https:\/\/www.euroresidentes.com\/salud\/conviviendo-alzheimer\/wp-json\/wp\/v2\/media?parent=124"}],"curies":[{"name":"wp","href":"https:\/\/api.w.org\/{rel}","templated":true}]}}