 

{"version":"1.0","provider_name":"Alzheimer","provider_url":"https:\/\/www.euroresidentes.com\/salud\/conviviendo-alzheimer","author_name":"Euroresidentes","author_url":"https:\/\/www.euroresidentes.com\/salud\/conviviendo-alzheimer\/author\/euroresidentes\/","title":"S\u00edntomas de la demencia en \u00faltima fase - Alzheimer","type":"rich","width":600,"height":338,"html":"<blockquote class=\"wp-embedded-content\" data-secret=\"TAE3Xn2M4F\"><a href=\"https:\/\/www.euroresidentes.com\/salud\/conviviendo-alzheimer\/sintomas-de-la-ultima-fase-de\/\">S\u00edntomas de la demencia en \u00faltima fase<\/a><\/blockquote><iframe sandbox=\"allow-scripts\" security=\"restricted\" src=\"https:\/\/www.euroresidentes.com\/salud\/conviviendo-alzheimer\/sintomas-de-la-ultima-fase-de\/embed\/#?secret=TAE3Xn2M4F\" width=\"600\" height=\"338\" title=\"\u00abS\u00edntomas de la demencia en \u00faltima fase\u00bb \u2014 Alzheimer\" data-secret=\"TAE3Xn2M4F\" frameborder=\"0\" marginwidth=\"0\" marginheight=\"0\" scrolling=\"no\" class=\"wp-embedded-content\"><\/iframe><script type=\"text\/javascript\">\n\/* <![CDATA[ *\/\n\/*! This file is auto-generated *\/\n!function(d,l){\"use strict\";l.querySelector&&d.addEventListener&&\"undefined\"!=typeof URL&&(d.wp=d.wp||{},d.wp.receiveEmbedMessage||(d.wp.receiveEmbedMessage=function(e){var t=e.data;if((t||t.secret||t.message||t.value)&&!\/[^a-zA-Z0-9]\/.test(t.secret)){for(var s,r,n,a=l.querySelectorAll('iframe[data-secret=\"'+t.secret+'\"]'),o=l.querySelectorAll('blockquote[data-secret=\"'+t.secret+'\"]'),c=new RegExp(\"^https?:$\",\"i\"),i=0;i<o.length;i++)o[i].style.display=\"none\";for(i=0;i<a.length;i++)s=a[i],e.source===s.contentWindow&&(s.removeAttribute(\"style\"),\"height\"===t.message?(1e3<(r=parseInt(t.value,10))?r=1e3:~~r<200&&(r=200),s.height=r):\"link\"===t.message&&(r=new URL(s.getAttribute(\"src\")),n=new URL(t.value),c.test(n.protocol))&&n.host===r.host&&l.activeElement===s&&(d.top.location.href=t.value))}},d.addEventListener(\"message\",d.wp.receiveEmbedMessage,!1),l.addEventListener(\"DOMContentLoaded\",function(){for(var e,t,s=l.querySelectorAll(\"iframe.wp-embedded-content\"),r=0;r<s.length;r++)(t=(e=s[r]).getAttribute(\"data-secret\"))||(t=Math.random().toString(36).substring(2,12),e.src+=\"#?secret=\"+t,e.setAttribute(\"data-secret\",t)),e.contentWindow.postMessage({message:\"ready\",secret:t},\"*\")},!1)))}(window,document);\n\/* ]]> *\/\n<\/script>\n","description":"Imagen wikipedia &nbsp; DEMENCIA \u00bfQU\u00c9 ES? &nbsp; Seg\u00fan la Asociaci\u00f3n de Alzheimer del Reino Unido, la demencia es una p\u00e9rdida de la funci\u00f3n cerebral que se ve afectada por ciertas enfermedades. Existen diferentes tipos de demencia, cuyos nombres derivan de la enfermedad que causa la demencia. Una de las m\u00e1s comunes es el Alzheimer, una enfermedad que afecta la memoria, el pensamiento y el comportamiento. Las personas que sufren demencia se vuelven m\u00e1s fr\u00e1giles conforme avanza la enfermedad y cada vez necesitan m\u00e1s ayuda para que les cuiden. &nbsp;Saber qu\u00e9 es lo que va a ocurrir en la \u00faltima fase","thumbnail_url":"https:\/\/www.euroresidentes.com\/salud\/conviviendo-alzheimer\/wp-content\/uploads\/sites\/2\/2015\/02\/hoja-seca-alzheimer.jpg"}