{"version":"1.0","provider_name":"Noticias vivienda","provider_url":"https:\/\/www.euroresidentes.com\/hogar\/noticias-vivienda","author_name":"Euroresidentes","author_url":"https:\/\/www.euroresidentes.com\/hogar\/noticias-vivienda\/author\/euroresidentes\/","title":"Los precios en Espa\u00f1a y Europa - Noticias vivienda","type":"rich","width":600,"height":338,"html":"<blockquote class=\"wp-embedded-content\" data-secret=\"RA9U58vZQ1\"><a href=\"https:\/\/www.euroresidentes.com\/hogar\/noticias-vivienda\/los-precios-en-espaa-y-europa\/\">Los precios en Espa\u00f1a y Europa<\/a><\/blockquote><iframe sandbox=\"allow-scripts\" security=\"restricted\" src=\"https:\/\/www.euroresidentes.com\/hogar\/noticias-vivienda\/los-precios-en-espaa-y-europa\/embed\/#?secret=RA9U58vZQ1\" width=\"600\" height=\"338\" title=\"\u00abLos precios en Espa\u00f1a y Europa\u00bb \u2014 Noticias vivienda\" data-secret=\"RA9U58vZQ1\" frameborder=\"0\" marginwidth=\"0\" marginheight=\"0\" scrolling=\"no\" class=\"wp-embedded-content\"><\/iframe><script type=\"text\/javascript\">\n\/* <![CDATA[ *\/\n\/*! This file is auto-generated *\/\n!function(d,l){\"use strict\";l.querySelector&&d.addEventListener&&\"undefined\"!=typeof URL&&(d.wp=d.wp||{},d.wp.receiveEmbedMessage||(d.wp.receiveEmbedMessage=function(e){var t=e.data;if((t||t.secret||t.message||t.value)&&!\/[^a-zA-Z0-9]\/.test(t.secret)){for(var s,r,n,a=l.querySelectorAll('iframe[data-secret=\"'+t.secret+'\"]'),o=l.querySelectorAll('blockquote[data-secret=\"'+t.secret+'\"]'),c=new RegExp(\"^https?:$\",\"i\"),i=0;i<o.length;i++)o[i].style.display=\"none\";for(i=0;i<a.length;i++)s=a[i],e.source===s.contentWindow&&(s.removeAttribute(\"style\"),\"height\"===t.message?(1e3<(r=parseInt(t.value,10))?r=1e3:~~r<200&&(r=200),s.height=r):\"link\"===t.message&&(r=new URL(s.getAttribute(\"src\")),n=new URL(t.value),c.test(n.protocol))&&n.host===r.host&&l.activeElement===s&&(d.top.location.href=t.value))}},d.addEventListener(\"message\",d.wp.receiveEmbedMessage,!1),l.addEventListener(\"DOMContentLoaded\",function(){for(var e,t,s=l.querySelectorAll(\"iframe.wp-embedded-content\"),r=0;r<s.length;r++)(t=(e=s[r]).getAttribute(\"data-secret\"))||(t=Math.random().toString(36).substring(2,12),e.src+=\"#?secret=\"+t,e.setAttribute(\"data-secret\",t)),e.contentWindow.postMessage({message:\"ready\",secret:t},\"*\")},!1)))}(window,document);\n\/* ]]> *\/\n<\/script>\n","description":"Los precios de la Vivienda seg\u00fan el estudio &#8216;Estudio Planner Asprima&#8217; Muchos compradores se plantean antes de dar el paso si es cara la vivienda en Espa\u00f1a. Quiz\u00e1s les interese saber lo que sucede en otros pa\u00edses europeos. En concreto si \u00abla relaci\u00f3n entre el precio de la vivienda y los ingresos en Espa\u00f1a est\u00e1 en l\u00ednea con la mayor\u00eda de los pa\u00edses de la Uni\u00f3n Europea\u00bb. Evoluci\u00f3n del mercado de la vivienda en algunos pa\u00edses europeos Espa\u00f1a, junto al Reino Unido, se sit\u00faa entre los pa\u00edses europeos en los que el mercado inmobiliario aparece con mayor grado de vitalidad."}