{"version":"1.0","provider_name":"Noticias vivienda","provider_url":"https:\/\/www.euroresidentes.com\/hogar\/noticias-vivienda","author_name":"Euroresidentes","author_url":"https:\/\/www.euroresidentes.com\/hogar\/noticias-vivienda\/author\/euroresidentes\/","title":"Aumento del paro en la construcci\u00f3n - Noticias vivienda","type":"rich","width":600,"height":338,"html":"<blockquote class=\"wp-embedded-content\" data-secret=\"edxiCz30wY\"><a href=\"https:\/\/www.euroresidentes.com\/hogar\/noticias-vivienda\/aumento-del-paro-en-la-construccin\/\">Aumento del paro en la construcci\u00f3n<\/a><\/blockquote><iframe sandbox=\"allow-scripts\" security=\"restricted\" src=\"https:\/\/www.euroresidentes.com\/hogar\/noticias-vivienda\/aumento-del-paro-en-la-construccin\/embed\/#?secret=edxiCz30wY\" width=\"600\" height=\"338\" title=\"\u00abAumento del paro en la construcci\u00f3n\u00bb \u2014 Noticias vivienda\" data-secret=\"edxiCz30wY\" frameborder=\"0\" marginwidth=\"0\" marginheight=\"0\" scrolling=\"no\" class=\"wp-embedded-content\"><\/iframe><script type=\"text\/javascript\">\n\/* <![CDATA[ *\/\n\/*! This file is auto-generated *\/\n!function(d,l){\"use strict\";l.querySelector&&d.addEventListener&&\"undefined\"!=typeof URL&&(d.wp=d.wp||{},d.wp.receiveEmbedMessage||(d.wp.receiveEmbedMessage=function(e){var t=e.data;if((t||t.secret||t.message||t.value)&&!\/[^a-zA-Z0-9]\/.test(t.secret)){for(var s,r,n,a=l.querySelectorAll('iframe[data-secret=\"'+t.secret+'\"]'),o=l.querySelectorAll('blockquote[data-secret=\"'+t.secret+'\"]'),c=new RegExp(\"^https?:$\",\"i\"),i=0;i<o.length;i++)o[i].style.display=\"none\";for(i=0;i<a.length;i++)s=a[i],e.source===s.contentWindow&&(s.removeAttribute(\"style\"),\"height\"===t.message?(1e3<(r=parseInt(t.value,10))?r=1e3:~~r<200&&(r=200),s.height=r):\"link\"===t.message&&(r=new URL(s.getAttribute(\"src\")),n=new URL(t.value),c.test(n.protocol))&&n.host===r.host&&l.activeElement===s&&(d.top.location.href=t.value))}},d.addEventListener(\"message\",d.wp.receiveEmbedMessage,!1),l.addEventListener(\"DOMContentLoaded\",function(){for(var e,t,s=l.querySelectorAll(\"iframe.wp-embedded-content\"),r=0;r<s.length;r++)(t=(e=s[r]).getAttribute(\"data-secret\"))||(t=Math.random().toString(36).substring(2,12),e.src+=\"#?secret=\"+t,e.setAttribute(\"data-secret\",t)),e.contentWindow.postMessage({message:\"ready\",secret:t},\"*\")},!1)))}(window,document);\n\/* ]]> *\/\n<\/script>\n","description":"El sector de la construcci\u00f3n ha registrado el mayor incremento del paro un mes de julio desde hace 10 a\u00f1os (1997). Casi 12.000 parados m\u00e1s se han registrado en el sector de la construcci\u00f3n, duplicando las cifras del a\u00f1o pasado. Hace unos meses se\u00f1al\u00e1bamos la bajada en el consumo de cemento. Aumento de paro en la contrucci\u00f3n: una nueva coyuntura El cambio de coyuntura se empieza a notar. Sin dramatismos, pero se trata del peor dato de los \u00faltimos 10 a\u00f1os, en un contexto, donde adem\u00e1s los datos de la industria son positivos. El Ministerio de Trabajo ha restado relevancia"}