{"version":"1.0","provider_name":"Noticias vivienda","provider_url":"https:\/\/www.euroresidentes.com\/hogar\/noticias-vivienda","author_name":"Euroresidentes","author_url":"https:\/\/www.euroresidentes.com\/hogar\/noticias-vivienda\/author\/euroresidentes\/","title":"Abusos Urban\u00edsticos en la Comunidad Valenciana - Noticias vivienda","type":"rich","width":600,"height":338,"html":"<blockquote class=\"wp-embedded-content\" data-secret=\"EnId0lwdCB\"><a href=\"https:\/\/www.euroresidentes.com\/hogar\/noticias-vivienda\/abusos-urbansticos-en-la-comunidad\/\">Abusos Urban\u00edsticos en la Comunidad Valenciana<\/a><\/blockquote><iframe sandbox=\"allow-scripts\" security=\"restricted\" src=\"https:\/\/www.euroresidentes.com\/hogar\/noticias-vivienda\/abusos-urbansticos-en-la-comunidad\/embed\/#?secret=EnId0lwdCB\" width=\"600\" height=\"338\" title=\"\u00abAbusos Urban\u00edsticos en la Comunidad Valenciana\u00bb \u2014 Noticias vivienda\" data-secret=\"EnId0lwdCB\" frameborder=\"0\" marginwidth=\"0\" marginheight=\"0\" scrolling=\"no\" class=\"wp-embedded-content\"><\/iframe><script type=\"text\/javascript\">\n\/* <![CDATA[ *\/\n\/*! This file is auto-generated *\/\n!function(d,l){\"use strict\";l.querySelector&&d.addEventListener&&\"undefined\"!=typeof URL&&(d.wp=d.wp||{},d.wp.receiveEmbedMessage||(d.wp.receiveEmbedMessage=function(e){var t=e.data;if((t||t.secret||t.message||t.value)&&!\/[^a-zA-Z0-9]\/.test(t.secret)){for(var s,r,n,a=l.querySelectorAll('iframe[data-secret=\"'+t.secret+'\"]'),o=l.querySelectorAll('blockquote[data-secret=\"'+t.secret+'\"]'),c=new RegExp(\"^https?:$\",\"i\"),i=0;i<o.length;i++)o[i].style.display=\"none\";for(i=0;i<a.length;i++)s=a[i],e.source===s.contentWindow&&(s.removeAttribute(\"style\"),\"height\"===t.message?(1e3<(r=parseInt(t.value,10))?r=1e3:~~r<200&&(r=200),s.height=r):\"link\"===t.message&&(r=new URL(s.getAttribute(\"src\")),n=new URL(t.value),c.test(n.protocol))&&n.host===r.host&&l.activeElement===s&&(d.top.location.href=t.value))}},d.addEventListener(\"message\",d.wp.receiveEmbedMessage,!1),l.addEventListener(\"DOMContentLoaded\",function(){for(var e,t,s=l.querySelectorAll(\"iframe.wp-embedded-content\"),r=0;r<s.length;r++)(t=(e=s[r]).getAttribute(\"data-secret\"))||(t=Math.random().toString(36).substring(2,12),e.src+=\"#?secret=\"+t,e.setAttribute(\"data-secret\",t)),e.contentWindow.postMessage({message:\"ready\",secret:t},\"*\")},!1)))}(window,document);\n\/* ]]> *\/\n<\/script>\n","description":"\u00abMala fama\u00bb Hace poco m\u00e1s de dos semanas nos hac\u00edamos eco de de una movilizaci\u00f3n de la Plataforma Abusos Urban\u00edsticos No, contra \u00ablos abusos urban\u00edsticos, la especulaci\u00f3n, la corrupci\u00f3n del cemento, el deterioro medioambiental y la manipulaci\u00f3n de la ley Reguladora de la actividad urban\u00edstica (LRAU)\u00bb. Era la continuaci\u00f3n de protestas muy diversas de ciudadanos de la Comunidad Valenciana y especialmente de \u00e1reas en las que se lucha por preservar espacios urban\u00edsticos de mayor calidad, ante la enorme presi\u00f3n especulativa que azota la costa valenciana. Quiz\u00e1s Benissa sea uno de los espacios en los que la tensi\u00f3n se vive con"}