{"id":445,"date":"2015-07-17T14:18:00","date_gmt":"2015-07-17T14:18:00","guid":{"rendered":"http:\/\/www.euroresidentes.com\/estilo-de-vida\/sentir-bien\/10-cosas-sobre-mi"},"modified":"2016-02-16T08:22:02","modified_gmt":"2016-02-16T08:22:02","slug":"10-cosas-sobre-mi","status":"publish","type":"page","link":"https:\/\/www.euroresidentes.com\/estilo-de-vida\/sentir-bien\/10-cosas-sobre-mi.html","title":{"rendered":"Andrea Mendez"},"content":{"rendered":"<div><\/div>\n<div class=\"p3\" style=\"text-align: center;\"><\/div>\n<div class=\"p3\" style=\"text-align: center;\"><\/div>\n<div class=\"p3\" style=\"text-align: center;\"><b style=\"background-color: #38761d;\">\u00a0\u00a1Hola!, soy Andrea\u00a0<\/b><\/div>\n<div class=\"p3\" style=\"text-align: center;\"><\/div>\n<div class=\"separator\" style=\"clear: both; text-align: center;\"><\/div>\n<div class=\"p3\">\n<div class=\"separator\" style=\"clear: both; text-align: center;\"><\/div>\n<div class=\"separator\" style=\"clear: both; text-align: center;\"><a style=\"margin-left: 1em; margin-right: 1em;\" href=\"https:\/\/www.euroresidentes.com\/estilo-de-vida\/sentir-bien\/wp-content\/uploads\/sites\/7\/2015\/07\/andrea_mendez.png\"><img decoding=\"async\" src=\"https:\/\/www.euroresidentes.com\/estilo-de-vida\/sentir-bien\/wp-content\/uploads\/sites\/7\/2015\/07\/andrea_mendez.png\" alt=\"\" border=\"0\" \/><\/a><\/div>\n<div class=\"separator\" style=\"clear: both; text-align: center;\"><\/div>\n<div class=\"separator\" style=\"clear: both; text-align: left;\">Y quiero dejaros <b>10 cosas sobre m\u00ed <\/b>para que me conozc\u00e1is un poco m\u00e1s. Ah\u00ed van:<\/div>\n<div class=\"separator\" style=\"clear: both; text-align: center;\"><\/div>\n<div class=\"separator\" style=\"clear: both; text-align: center;\"><\/div>\n<\/div>\n<p>1. Estudi\u00e9 la carrera de Psicolog\u00eda durante 4 a\u00f1os en Valencia.<\/p>\n<div>\n<div class=\"separator\" style=\"clear: both; text-align: center;\"><a style=\"margin-left: 1em; margin-right: 1em;\" href=\"http:\/\/2.bp.blogspot.com\/-EGZ-jFBexog\/VakBwxs5vvI\/AAAAAAAAPVg\/iENAu80oloA\/s1600\/psicologia.gif\"><img loading=\"lazy\" decoding=\"async\" src=\"https:\/\/www.euroresidentes.com\/estilo-de-vida\/sentir-bien\/wp-content\/uploads\/sites\/7\/2015\/07\/psicologia.gif\" alt=\"\" width=\"400\" height=\"232\" border=\"0\" \/><\/a><\/div>\n<p>&nbsp;<\/p>\n<\/div>\n<div>\n<p>2. Soy la peque\u00f1a de 3 hijos, dos chicos y yo. El m\u00e9dico crey\u00f3 que era ni\u00f1o y as\u00ed lo creyeron hasta que nac\u00ed. A mis padres les gusta considerarlo como un regalo, sobre todo mi padre (nac\u00ed el d\u00eda del padre). Mis hermanos son 11 y 13 a\u00f1os mayores que yo.<\/p>\n<div class=\"separator\" style=\"clear: both; text-align: center;\"><a style=\"margin-left: 1em; margin-right: 1em;\" href=\"http:\/\/2.bp.blogspot.com\/--ZWpsIu4ros\/VakB4cF2aMI\/AAAAAAAAPVo\/YfuLFN4UCU0\/s1600\/hermanos.gif\"><img loading=\"lazy\" decoding=\"async\" src=\"https:\/\/www.euroresidentes.com\/estilo-de-vida\/sentir-bien\/wp-content\/uploads\/sites\/7\/2015\/07\/hermanos.gif\" alt=\"\" width=\"400\" height=\"225\" border=\"0\" \/><\/a><\/div>\n<p>&nbsp;<\/p>\n<\/div>\n<div><\/div>\n<div>\n<p>3. No me dedico a la Psicolog\u00eda. Vivo por y para la Psicolog\u00eda.<\/p>\n<div class=\"separator\" style=\"clear: both; text-align: center;\"><a style=\"margin-left: 1em; margin-right: 1em;\" href=\"http:\/\/1.bp.blogspot.com\/-NGbZbueIglQ\/VakCWRQCfMI\/AAAAAAAAPVw\/V0OYMOTrdWw\/s1600\/si.gif\"><img loading=\"lazy\" decoding=\"async\" src=\"https:\/\/www.euroresidentes.com\/estilo-de-vida\/sentir-bien\/wp-content\/uploads\/sites\/7\/2015\/07\/si.gif\" alt=\"\" width=\"400\" height=\"280\" border=\"0\" \/><\/a><\/div>\n<p>&nbsp;<\/p>\n<\/div>\n<div><\/div>\n<div>\n<p>4. Desde peque\u00f1a siempre tuve una cosa clara: \u201cmam\u00e1, yo quiero ayudar a las personas\u201d.<\/p>\n<div class=\"separator\" style=\"clear: both; text-align: center;\"><a style=\"margin-left: 1em; margin-right: 1em;\" href=\"http:\/\/3.bp.blogspot.com\/-Eo3f3FEGT04\/VakCePKoelI\/AAAAAAAAPV4\/tpbrAu-Luc4\/s1600\/ayudar.gif\"><img loading=\"lazy\" decoding=\"async\" src=\"https:\/\/www.euroresidentes.com\/estilo-de-vida\/sentir-bien\/wp-content\/uploads\/sites\/7\/2015\/07\/ayudar.gif\" alt=\"\" width=\"400\" height=\"224\" border=\"0\" \/><\/a><\/div>\n<p>&nbsp;<\/p>\n<\/div>\n<div><\/div>\n<div>\n<p>5. Soy capaz de leerme el mismo libro 10 diez veces y ver la misma pel\u00edcula otras 20. La lectura y el cine son dos mi pasiones.<\/p>\n<div class=\"separator\" style=\"clear: both; text-align: center;\"><a style=\"margin-left: 1em; margin-right: 1em;\" href=\"https:\/\/www.euroresidentes.com\/estilo-de-vida\/sentir-bien\/wp-content\/uploads\/sites\/7\/2015\/07\/libros-y-cine.gif\"><img decoding=\"async\" src=\"https:\/\/www.euroresidentes.com\/estilo-de-vida\/sentir-bien\/wp-content\/uploads\/sites\/7\/2015\/07\/libros-y-cine.gif\" alt=\"\" border=\"0\" \/><\/a><\/div>\n<p>&nbsp;<\/p>\n<\/div>\n<div><\/div>\n<div>\n<p>6. \u00bfOtra pasi\u00f3n que me define? Los animales. Siento un gran respeto y cari\u00f1o por todos ellos. No soporto verles sufrir ni tolero que nadie les haga da\u00f1o.<\/p>\n<div class=\"separator\" style=\"clear: both; text-align: center;\"><\/div>\n<p><a href=\"https:\/\/www.euroresidentes.com\/estilo-de-vida\/sentir-bien\/wp-content\/uploads\/sites\/7\/2015\/07\/danyo.gif\"><img loading=\"lazy\" decoding=\"async\" class=\"aligncenter size-full wp-image-5434\" src=\"https:\/\/www.euroresidentes.com\/estilo-de-vida\/sentir-bien\/wp-content\/uploads\/sites\/7\/2015\/07\/danyo.gif\" alt=\"danyo\" width=\"500\" height=\"278\" \/><\/a><\/p>\n<\/div>\n<div><\/div>\n<div>\n<p>7. No se me da bien dibujar ni hacer manualidades, pero he heredado el don de mi madre en la cocina. Mi plato estrella es el arroz.<\/p>\n<div class=\"separator\" style=\"clear: both; text-align: center;\"><a style=\"margin-left: 1em; margin-right: 1em;\" href=\"http:\/\/1.bp.blogspot.com\/-0t1KvGdiFwU\/VakECE6thXI\/AAAAAAAAPWU\/oVCM1EuhETA\/s1600\/aplauso.gif\"><img loading=\"lazy\" decoding=\"async\" src=\"https:\/\/www.euroresidentes.com\/estilo-de-vida\/sentir-bien\/wp-content\/uploads\/sites\/7\/2015\/07\/aplauso.gif\" alt=\"\" width=\"400\" height=\"222\" border=\"0\" \/><\/a><\/div>\n<p>&nbsp;<\/p>\n<\/div>\n<div><\/div>\n<div>\n<p>8. Me son indiferentes tanto el caf\u00e9 como el chocolate. No me gustan las cosas dulces ni las bebidas estimulantes. Soy m\u00e1s de agua con dos gotas de lim\u00f3n o una cerveza bien fr\u00eda.<\/p>\n<div class=\"separator\" style=\"clear: both; text-align: center;\"><\/div>\n<div class=\"separator\" style=\"clear: both; text-align: center;\"><a style=\"margin-left: 1em; margin-right: 1em;\" href=\"http:\/\/1.bp.blogspot.com\/-hqf1BiGXo_w\/VakGOXycreI\/AAAAAAAAPWw\/1lui5-E4BFo\/s1600\/sorry.gif\"><img loading=\"lazy\" decoding=\"async\" src=\"https:\/\/www.euroresidentes.com\/estilo-de-vida\/sentir-bien\/wp-content\/uploads\/sites\/7\/2015\/07\/sorry.gif\" alt=\"\" width=\"400\" height=\"168\" border=\"0\" \/><\/a><\/div>\n<p>&nbsp;<\/p>\n<\/div>\n<div><\/div>\n<div><\/div>\n<div>\n<p>9. Me gusta pasear cuando amanece, las siestas en verano y las comidas de mi madre. Yo creo que gracias a ellas no he enfermado nunca.<\/p>\n<div class=\"separator\" style=\"clear: both; text-align: center;\"><a style=\"margin-left: 1em; margin-right: 1em;\" href=\"http:\/\/4.bp.blogspot.com\/-K7Xwfqpr1Hs\/VakFy3jBl0I\/AAAAAAAAPWo\/rLZvBh2Vwa4\/s1600\/magic.gif\"><img loading=\"lazy\" decoding=\"async\" src=\"https:\/\/www.euroresidentes.com\/estilo-de-vida\/sentir-bien\/wp-content\/uploads\/sites\/7\/2015\/07\/magic.gif\" alt=\"\" width=\"320\" height=\"293\" border=\"0\" \/><\/a><\/div>\n<p>&nbsp;<\/p>\n<div>\n<p>10. \u00bfLa mayor lecci\u00f3n que he aprendido hasta ahora? Que nunca se deja de aprender.<\/p>\n<div class=\"separator\" style=\"clear: both; text-align: center;\"><a style=\"margin-left: 1em; margin-right: 1em;\" href=\"http:\/\/2.bp.blogspot.com\/-5KujEyDKeUU\/VakL92w3dLI\/AAAAAAAAPXA\/6uCiW9T7Iaw\/s1600\/aprender.gif\"><img loading=\"lazy\" decoding=\"async\" src=\"https:\/\/www.euroresidentes.com\/estilo-de-vida\/sentir-bien\/wp-content\/uploads\/sites\/7\/2015\/07\/aprender.gif\" alt=\"\" width=\"400\" height=\"223\" border=\"0\" \/><\/a><\/div>\n<div>Si quieres saber m\u00e1s cosas sobre m\u00ed\u00a0<a style=\"font-family: Arial, Helvetica, sans-serif;\" href=\"http:\/\/sentir-bien.euroresidentes.com\/p\/autora-de-sentir-bien-andrea-mendez.html\" target=\"_blank\">pincha aqu\u00ed<\/a>.<\/div>\n<div>\n<p>Para todas las novedades de Motivaci\u00f3n, Superaci\u00f3n Personal, Liderazgo, Sentir Bien y Adolescentes no te pierdas <a style=\"font-family: Arial, Helvetica, sans-serif;\" href=\"https:\/\/www.euroresidentes.com\/salud\/desarrollo_personal_y_psicologia_de_la_motivacion_y_del_liderazgo.html\" target=\"_blank\">mi nueva p\u00e1gina<\/a>&#8212;&#8212;&#8212;&#8212;&#8212;&#8212;&#8212;&#8212;&#8212;&#8212;&#8212;&#8212;&#8212;&#8212;&#8212;&#8212;&#8212;&#8212;&#8212;&#8212;&#8212;&#8212;&#8212;&#8212;&#8212;&#8212;&#8212;&#8212;&#8212;&#8212;&#8212;&#8212;&#8212;&#8212;&#8212;&#8212;&#8212;&#8212;&#8212;&#8212;-<\/p>\n<p><b>S\u00edgueme en:\u00a0<\/b><\/p>\n<ul>\n<li><a href=\"https:\/\/www.facebook.com\/sentirbien?ref=hl\" target=\"_blank\">Facebook<\/a><\/li>\n<li><a href=\"https:\/\/twitter.com\/motivaylidera\" target=\"_blank\">Twitter<\/a><\/li>\n<li><a href=\"https:\/\/plus.google.com\/u\/0\/115989568645689891897\/posts\" target=\"_blank\">Google+<\/a><\/li>\n<li><a href=\"http:\/\/es.linkedin.com\/pub\/andrea-m%C3%A9ndez-moll%C3%A1\/43\/a2b\/711\/\" target=\"_blank\">LinkedIn<\/a><\/li>\n<\/ul>\n<\/div>\n<\/div>\n<\/div>\n","protected":false},"excerpt":{"rendered":"<p>\u00a0\u00a1Hola!, soy Andrea\u00a0 Y quiero dejaros 10 cosas sobre m\u00ed para que me conozc\u00e1is un poco m\u00e1s. Ah\u00ed van: 1. Estudi\u00e9 la carrera de Psicolog\u00eda durante 4 a\u00f1os en Valencia. &nbsp; 2. Soy la peque\u00f1a de 3 hijos, dos chicos y yo. El m\u00e9dico crey\u00f3 que era ni\u00f1o y as\u00ed lo creyeron hasta que nac\u00ed. A mis padres les gusta considerarlo como un regalo, sobre todo mi padre (nac\u00ed el d\u00eda del padre). Mis hermanos son 11 y 13 a\u00f1os mayores que yo. &nbsp; 3. No me dedico a la Psicolog\u00eda. Vivo por y para la Psicolog\u00eda. &nbsp; 4. Desde <\/p>\n","protected":false},"author":1,"featured_media":629,"parent":0,"menu_order":0,"comment_status":"closed","ping_status":"closed","template":"","meta":{"footnotes":""},"class_list":["post-445","page","type-page","status-publish","has-post-thumbnail","hentry","has_thumb"],"yoast_head":"<!-- This site is optimized with the Yoast SEO plugin v24.1 - https:\/\/yoast.com\/wordpress\/plugins\/seo\/ -->\n<title>Andrea Mendez - Sentir bien<\/title>\n<meta name=\"robots\" content=\"index, follow, max-snippet:-1, max-image-preview:large, max-video-preview:-1\" \/>\n<link rel=\"canonical\" href=\"https:\/\/www.euroresidentes.com\/estilo-de-vida\/sentir-bien\/10-cosas-sobre-mi.html\" \/>\n<meta property=\"og:locale\" content=\"es_ES\" \/>\n<meta property=\"og:type\" content=\"article\" \/>\n<meta property=\"og:title\" content=\"Andrea Mendez - Sentir bien\" \/>\n<meta property=\"og:description\" content=\"\u00a0\u00a1Hola!, soy Andrea\u00a0 Y quiero dejaros 10 cosas sobre m\u00ed para que me conozc\u00e1is un poco m\u00e1s. Ah\u00ed van: 1. Estudi\u00e9 la carrera de Psicolog\u00eda durante 4 a\u00f1os en Valencia. &nbsp; 2. Soy la peque\u00f1a de 3 hijos, dos chicos y yo. El m\u00e9dico crey\u00f3 que era ni\u00f1o y as\u00ed lo creyeron hasta que nac\u00ed. A mis padres les gusta considerarlo como un regalo, sobre todo mi padre (nac\u00ed el d\u00eda del padre). Mis hermanos son 11 y 13 a\u00f1os mayores que yo. &nbsp; 3. No me dedico a la Psicolog\u00eda. Vivo por y para la Psicolog\u00eda. &nbsp; 4. Desde\" \/>\n<meta property=\"og:url\" content=\"https:\/\/www.euroresidentes.com\/estilo-de-vida\/sentir-bien\/10-cosas-sobre-mi.html\" \/>\n<meta property=\"og:site_name\" content=\"Sentir bien\" \/>\n<meta property=\"article:publisher\" content=\"https:\/\/www.facebook.com\/sentir.bien.euroresidentes\/\" \/>\n<meta property=\"article:modified_time\" content=\"2016-02-16T08:22:02+00:00\" \/>\n<meta property=\"og:image\" content=\"https:\/\/www.euroresidentes.com\/estilo-de-vida\/sentir-bien\/wp-content\/uploads\/sites\/7\/2014\/10\/Picture0019.jpg\" \/>\n\t<meta property=\"og:image:width\" content=\"320\" \/>\n\t<meta property=\"og:image:height\" content=\"240\" \/>\n\t<meta property=\"og:image:type\" content=\"image\/jpeg\" \/>\n<meta name=\"twitter:card\" content=\"summary_large_image\" \/>\n<meta name=\"twitter:site\" content=\"@sentirbien\" \/>\n<meta name=\"twitter:label1\" content=\"Est. reading time\" \/>\n\t<meta name=\"twitter:data1\" content=\"2 minutos\" \/>\n<script type=\"application\/ld+json\" class=\"yoast-schema-graph\">{\"@context\":\"https:\/\/schema.org\",\"@graph\":[{\"@type\":\"WebPage\",\"@id\":\"https:\/\/www.euroresidentes.com\/estilo-de-vida\/sentir-bien\/10-cosas-sobre-mi.html\",\"url\":\"https:\/\/www.euroresidentes.com\/estilo-de-vida\/sentir-bien\/10-cosas-sobre-mi.html\",\"name\":\"Andrea Mendez - Sentir bien\",\"isPartOf\":{\"@id\":\"https:\/\/www.euroresidentes.com\/estilo-de-vida\/sentir-bien\/#website\"},\"primaryImageOfPage\":{\"@id\":\"https:\/\/www.euroresidentes.com\/estilo-de-vida\/sentir-bien\/10-cosas-sobre-mi.html#primaryimage\"},\"image\":{\"@id\":\"https:\/\/www.euroresidentes.com\/estilo-de-vida\/sentir-bien\/10-cosas-sobre-mi.html#primaryimage\"},\"thumbnailUrl\":\"https:\/\/www.euroresidentes.com\/estilo-de-vida\/sentir-bien\/wp-content\/uploads\/sites\/7\/2014\/10\/Picture0019.jpg\",\"datePublished\":\"2015-07-17T14:18:00+00:00\",\"dateModified\":\"2016-02-16T08:22:02+00:00\",\"breadcrumb\":{\"@id\":\"https:\/\/www.euroresidentes.com\/estilo-de-vida\/sentir-bien\/10-cosas-sobre-mi.html#breadcrumb\"},\"inLanguage\":\"es\",\"potentialAction\":[{\"@type\":\"ReadAction\",\"target\":[\"https:\/\/www.euroresidentes.com\/estilo-de-vida\/sentir-bien\/10-cosas-sobre-mi.html\"]}]},{\"@type\":\"ImageObject\",\"inLanguage\":\"es\",\"@id\":\"https:\/\/www.euroresidentes.com\/estilo-de-vida\/sentir-bien\/10-cosas-sobre-mi.html#primaryimage\",\"url\":\"https:\/\/www.euroresidentes.com\/estilo-de-vida\/sentir-bien\/wp-content\/uploads\/sites\/7\/2014\/10\/Picture0019.jpg\",\"contentUrl\":\"https:\/\/www.euroresidentes.com\/estilo-de-vida\/sentir-bien\/wp-content\/uploads\/sites\/7\/2014\/10\/Picture0019.jpg\",\"width\":320,\"height\":240},{\"@type\":\"BreadcrumbList\",\"@id\":\"https:\/\/www.euroresidentes.com\/estilo-de-vida\/sentir-bien\/10-cosas-sobre-mi.html#breadcrumb\",\"itemListElement\":[{\"@type\":\"ListItem\",\"position\":1,\"name\":\"Portada\",\"item\":\"https:\/\/www.euroresidentes.com\/estilo-de-vida\/sentir-bien\/\"},{\"@type\":\"ListItem\",\"position\":2,\"name\":\"Andrea Mendez\"}]},{\"@type\":\"WebSite\",\"@id\":\"https:\/\/www.euroresidentes.com\/estilo-de-vida\/sentir-bien\/#website\",\"url\":\"https:\/\/www.euroresidentes.com\/estilo-de-vida\/sentir-bien\/\",\"name\":\"Sentir bien\",\"description\":\"Consejos para sentirse bien y mejorar la autoestima\",\"potentialAction\":[{\"@type\":\"SearchAction\",\"target\":{\"@type\":\"EntryPoint\",\"urlTemplate\":\"https:\/\/www.euroresidentes.com\/estilo-de-vida\/sentir-bien\/?s={search_term_string}\"},\"query-input\":{\"@type\":\"PropertyValueSpecification\",\"valueRequired\":true,\"valueName\":\"search_term_string\"}}],\"inLanguage\":\"es\"}]}<\/script>\n<!-- \/ Yoast SEO plugin. -->","yoast_head_json":{"title":"Andrea Mendez - Sentir bien","robots":{"index":"index","follow":"follow","max-snippet":"max-snippet:-1","max-image-preview":"max-image-preview:large","max-video-preview":"max-video-preview:-1"},"canonical":"https:\/\/www.euroresidentes.com\/estilo-de-vida\/sentir-bien\/10-cosas-sobre-mi.html","og_locale":"es_ES","og_type":"article","og_title":"Andrea Mendez - Sentir bien","og_description":"\u00a0\u00a1Hola!, soy Andrea\u00a0 Y quiero dejaros 10 cosas sobre m\u00ed para que me conozc\u00e1is un poco m\u00e1s. Ah\u00ed van: 1. Estudi\u00e9 la carrera de Psicolog\u00eda durante 4 a\u00f1os en Valencia. &nbsp; 2. Soy la peque\u00f1a de 3 hijos, dos chicos y yo. El m\u00e9dico crey\u00f3 que era ni\u00f1o y as\u00ed lo creyeron hasta que nac\u00ed. A mis padres les gusta considerarlo como un regalo, sobre todo mi padre (nac\u00ed el d\u00eda del padre). Mis hermanos son 11 y 13 a\u00f1os mayores que yo. &nbsp; 3. No me dedico a la Psicolog\u00eda. Vivo por y para la Psicolog\u00eda. &nbsp; 4. Desde","og_url":"https:\/\/www.euroresidentes.com\/estilo-de-vida\/sentir-bien\/10-cosas-sobre-mi.html","og_site_name":"Sentir bien","article_publisher":"https:\/\/www.facebook.com\/sentir.bien.euroresidentes\/","article_modified_time":"2016-02-16T08:22:02+00:00","og_image":[{"width":320,"height":240,"url":"https:\/\/www.euroresidentes.com\/estilo-de-vida\/sentir-bien\/wp-content\/uploads\/sites\/7\/2014\/10\/Picture0019.jpg","type":"image\/jpeg"}],"twitter_card":"summary_large_image","twitter_site":"@sentirbien","twitter_misc":{"Est. reading time":"2 minutos"},"schema":{"@context":"https:\/\/schema.org","@graph":[{"@type":"WebPage","@id":"https:\/\/www.euroresidentes.com\/estilo-de-vida\/sentir-bien\/10-cosas-sobre-mi.html","url":"https:\/\/www.euroresidentes.com\/estilo-de-vida\/sentir-bien\/10-cosas-sobre-mi.html","name":"Andrea Mendez - Sentir bien","isPartOf":{"@id":"https:\/\/www.euroresidentes.com\/estilo-de-vida\/sentir-bien\/#website"},"primaryImageOfPage":{"@id":"https:\/\/www.euroresidentes.com\/estilo-de-vida\/sentir-bien\/10-cosas-sobre-mi.html#primaryimage"},"image":{"@id":"https:\/\/www.euroresidentes.com\/estilo-de-vida\/sentir-bien\/10-cosas-sobre-mi.html#primaryimage"},"thumbnailUrl":"https:\/\/www.euroresidentes.com\/estilo-de-vida\/sentir-bien\/wp-content\/uploads\/sites\/7\/2014\/10\/Picture0019.jpg","datePublished":"2015-07-17T14:18:00+00:00","dateModified":"2016-02-16T08:22:02+00:00","breadcrumb":{"@id":"https:\/\/www.euroresidentes.com\/estilo-de-vida\/sentir-bien\/10-cosas-sobre-mi.html#breadcrumb"},"inLanguage":"es","potentialAction":[{"@type":"ReadAction","target":["https:\/\/www.euroresidentes.com\/estilo-de-vida\/sentir-bien\/10-cosas-sobre-mi.html"]}]},{"@type":"ImageObject","inLanguage":"es","@id":"https:\/\/www.euroresidentes.com\/estilo-de-vida\/sentir-bien\/10-cosas-sobre-mi.html#primaryimage","url":"https:\/\/www.euroresidentes.com\/estilo-de-vida\/sentir-bien\/wp-content\/uploads\/sites\/7\/2014\/10\/Picture0019.jpg","contentUrl":"https:\/\/www.euroresidentes.com\/estilo-de-vida\/sentir-bien\/wp-content\/uploads\/sites\/7\/2014\/10\/Picture0019.jpg","width":320,"height":240},{"@type":"BreadcrumbList","@id":"https:\/\/www.euroresidentes.com\/estilo-de-vida\/sentir-bien\/10-cosas-sobre-mi.html#breadcrumb","itemListElement":[{"@type":"ListItem","position":1,"name":"Portada","item":"https:\/\/www.euroresidentes.com\/estilo-de-vida\/sentir-bien\/"},{"@type":"ListItem","position":2,"name":"Andrea Mendez"}]},{"@type":"WebSite","@id":"https:\/\/www.euroresidentes.com\/estilo-de-vida\/sentir-bien\/#website","url":"https:\/\/www.euroresidentes.com\/estilo-de-vida\/sentir-bien\/","name":"Sentir bien","description":"Consejos para sentirse bien y mejorar la autoestima","potentialAction":[{"@type":"SearchAction","target":{"@type":"EntryPoint","urlTemplate":"https:\/\/www.euroresidentes.com\/estilo-de-vida\/sentir-bien\/?s={search_term_string}"},"query-input":{"@type":"PropertyValueSpecification","valueRequired":true,"valueName":"search_term_string"}}],"inLanguage":"es"}]}},"_links":{"self":[{"href":"https:\/\/www.euroresidentes.com\/estilo-de-vida\/sentir-bien\/wp-json\/wp\/v2\/pages\/445","targetHints":{"allow":["GET"]}}],"collection":[{"href":"https:\/\/www.euroresidentes.com\/estilo-de-vida\/sentir-bien\/wp-json\/wp\/v2\/pages"}],"about":[{"href":"https:\/\/www.euroresidentes.com\/estilo-de-vida\/sentir-bien\/wp-json\/wp\/v2\/types\/page"}],"author":[{"embeddable":true,"href":"https:\/\/www.euroresidentes.com\/estilo-de-vida\/sentir-bien\/wp-json\/wp\/v2\/users\/1"}],"replies":[{"embeddable":true,"href":"https:\/\/www.euroresidentes.com\/estilo-de-vida\/sentir-bien\/wp-json\/wp\/v2\/comments?post=445"}],"version-history":[{"count":5,"href":"https:\/\/www.euroresidentes.com\/estilo-de-vida\/sentir-bien\/wp-json\/wp\/v2\/pages\/445\/revisions"}],"predecessor-version":[{"id":5435,"href":"https:\/\/www.euroresidentes.com\/estilo-de-vida\/sentir-bien\/wp-json\/wp\/v2\/pages\/445\/revisions\/5435"}],"wp:featuredmedia":[{"embeddable":true,"href":"https:\/\/www.euroresidentes.com\/estilo-de-vida\/sentir-bien\/wp-json\/wp\/v2\/media\/629"}],"wp:attachment":[{"href":"https:\/\/www.euroresidentes.com\/estilo-de-vida\/sentir-bien\/wp-json\/wp\/v2\/media?parent=445"}],"curies":[{"name":"wp","href":"https:\/\/api.w.org\/{rel}","templated":true}]}}