{"version":"1.0","provider_name":"Envejecer","provider_url":"https:\/\/www.euroresidentes.com\/estilo-de-vida\/envejecer","author_name":"bryan rippin","author_url":"https:\/\/www.euroresidentes.com\/estilo-de-vida\/envejecer\/author\/bryan-rippin\/","title":"Pol\u00edtica, pol\u00edtica, pol\u00edtica - Envejecer","type":"rich","width":600,"height":338,"html":"<blockquote class=\"wp-embedded-content\" data-secret=\"wosnMW8Xav\"><a href=\"https:\/\/www.euroresidentes.com\/estilo-de-vida\/envejecer\/politica-politica-politica\/\">Pol\u00edtica, pol\u00edtica, pol\u00edtica<\/a><\/blockquote><iframe sandbox=\"allow-scripts\" security=\"restricted\" src=\"https:\/\/www.euroresidentes.com\/estilo-de-vida\/envejecer\/politica-politica-politica\/embed\/#?secret=wosnMW8Xav\" width=\"600\" height=\"338\" title=\"\u00abPol\u00edtica, pol\u00edtica, pol\u00edtica\u00bb \u2014 Envejecer\" data-secret=\"wosnMW8Xav\" frameborder=\"0\" marginwidth=\"0\" marginheight=\"0\" scrolling=\"no\" class=\"wp-embedded-content\"><\/iframe><script type=\"text\/javascript\">\n\/* <![CDATA[ *\/\n\/*! This file is auto-generated *\/\n!function(d,l){\"use strict\";l.querySelector&&d.addEventListener&&\"undefined\"!=typeof URL&&(d.wp=d.wp||{},d.wp.receiveEmbedMessage||(d.wp.receiveEmbedMessage=function(e){var t=e.data;if((t||t.secret||t.message||t.value)&&!\/[^a-zA-Z0-9]\/.test(t.secret)){for(var s,r,n,a=l.querySelectorAll('iframe[data-secret=\"'+t.secret+'\"]'),o=l.querySelectorAll('blockquote[data-secret=\"'+t.secret+'\"]'),c=new RegExp(\"^https?:$\",\"i\"),i=0;i<o.length;i++)o[i].style.display=\"none\";for(i=0;i<a.length;i++)s=a[i],e.source===s.contentWindow&&(s.removeAttribute(\"style\"),\"height\"===t.message?(1e3<(r=parseInt(t.value,10))?r=1e3:~~r<200&&(r=200),s.height=r):\"link\"===t.message&&(r=new URL(s.getAttribute(\"src\")),n=new URL(t.value),c.test(n.protocol))&&n.host===r.host&&l.activeElement===s&&(d.top.location.href=t.value))}},d.addEventListener(\"message\",d.wp.receiveEmbedMessage,!1),l.addEventListener(\"DOMContentLoaded\",function(){for(var e,t,s=l.querySelectorAll(\"iframe.wp-embedded-content\"),r=0;r<s.length;r++)(t=(e=s[r]).getAttribute(\"data-secret\"))||(t=Math.random().toString(36).substring(2,12),e.src+=\"#?secret=\"+t,e.setAttribute(\"data-secret\",t)),e.contentWindow.postMessage({message:\"ready\",secret:t},\"*\")},!1)))}(window,document);\n\/* ]]> *\/\n<\/script>\n","thumbnail_url":"https:\/\/www.euroresidentes.com\/estilo-de-vida\/envejecer\/wp-content\/uploads\/sites\/14\/2014\/01\/manos-orar.jpg","thumbnail_width":700,"thumbnail_height":525,"description":"Me invitaron a unirme a un c\u00edrculo de\u00a0oraci\u00f3n; la idea era que un grupo de nosotros se reuniese para rezar\u00a0regularmente por aquellas personas cuyas necesidades fuesen evidentes\u00a0para nosotros. Se dieron ejemplos de la clase de situaciones\u00a0personales que ser\u00edan dignas de oraci\u00f3n. No obstante, tambi\u00e9n hubo\u00a0sugerencias de lo que podr\u00eda ser inapropiado para rezar. En la parte\u00a0inferior de ese peque\u00f1o listado se encontraba el consejo que dec\u00eda\u00a0que \u00ablos partidos pol\u00edticos\u00bb pod\u00edan no ser un tema\u00a0adecuado. Puedo ver que tal vez haya un problema en esto, como que se\u00a0invite a comprometidos conservadores a rezar por un gobierno\u00a0laborista. T\u00e1cticamente podr\u00eda ser dif\u00edcil. Sin"}