
{"version":"1.0","provider_name":"Innovaci\u00f3n y Emprendimiento","provider_url":"https:\/\/www.euroresidentes.com\/empresa\/innovacion","author_name":"Andr\u00e9s Pedre\u00f1o","author_url":"https:\/\/www.euroresidentes.com\/empresa\/innovacion\/author\/andres\/","title":"Europa es d\u00e9bil en cultura de innovaci\u00f3n y en sectores de futuro - Innovaci\u00f3n y Emprendimiento","type":"rich","width":600,"height":338,"html":"<blockquote class=\"wp-embedded-content\" data-secret=\"y0z3cujZIi\"><a href=\"https:\/\/www.euroresidentes.com\/empresa\/innovacion\/europa-es-debil-en-cultura-de\/\">Europa es d\u00e9bil en cultura de innovaci\u00f3n y en sectores de futuro<\/a><\/blockquote><iframe sandbox=\"allow-scripts\" security=\"restricted\" src=\"https:\/\/www.euroresidentes.com\/empresa\/innovacion\/europa-es-debil-en-cultura-de\/embed\/#?secret=y0z3cujZIi\" width=\"600\" height=\"338\" title=\"\u00abEuropa es d\u00e9bil en cultura de innovaci\u00f3n y en sectores de futuro\u00bb \u2014 Innovaci\u00f3n y Emprendimiento\" data-secret=\"y0z3cujZIi\" frameborder=\"0\" marginwidth=\"0\" marginheight=\"0\" scrolling=\"no\" class=\"wp-embedded-content\"><\/iframe><script type=\"text\/javascript\">\n\/* <![CDATA[ *\/\n\/*! This file is auto-generated *\/\n!function(d,l){\"use strict\";l.querySelector&&d.addEventListener&&\"undefined\"!=typeof URL&&(d.wp=d.wp||{},d.wp.receiveEmbedMessage||(d.wp.receiveEmbedMessage=function(e){var t=e.data;if((t||t.secret||t.message||t.value)&&!\/[^a-zA-Z0-9]\/.test(t.secret)){for(var s,r,n,a=l.querySelectorAll('iframe[data-secret=\"'+t.secret+'\"]'),o=l.querySelectorAll('blockquote[data-secret=\"'+t.secret+'\"]'),c=new RegExp(\"^https?:$\",\"i\"),i=0;i<o.length;i++)o[i].style.display=\"none\";for(i=0;i<a.length;i++)s=a[i],e.source===s.contentWindow&&(s.removeAttribute(\"style\"),\"height\"===t.message?(1e3<(r=parseInt(t.value,10))?r=1e3:~~r<200&&(r=200),s.height=r):\"link\"===t.message&&(r=new URL(s.getAttribute(\"src\")),n=new URL(t.value),c.test(n.protocol))&&n.host===r.host&&l.activeElement===s&&(d.top.location.href=t.value))}},d.addEventListener(\"message\",d.wp.receiveEmbedMessage,!1),l.addEventListener(\"DOMContentLoaded\",function(){for(var e,t,s=l.querySelectorAll(\"iframe.wp-embedded-content\"),r=0;r<s.length;r++)(t=(e=s[r]).getAttribute(\"data-secret\"))||(t=Math.random().toString(36).substring(2,12),e.src+=\"#?secret=\"+t,e.setAttribute(\"data-secret\",t)),e.contentWindow.postMessage({message:\"ready\",secret:t},\"*\")},!1)))}(window,document);\n\/* ]]> *\/\n<\/script>\n","thumbnail_url":"https:\/\/www.euroresidentes.com\/empresa\/innovacion\/wp-content\/uploads\/sites\/3\/2014\/05\/i-d-asia-europa-USA.jpg","thumbnail_width":225,"thumbnail_height":409,"description":"Leo en Financial Times un extenso art\u00edculo sobre Europa y su d\u00e9bil cultura de innovaci\u00f3n comparada con Asia y con los Estados Unidos. Me temo que en el gran debate de las elecciones europeas este tema se ha pasado de puntillas. Los lobbies europeos de sectores estrat\u00e9gicos como la fabricaci\u00f3n aeroespacial y de autom\u00f3viles a los productos qu\u00edmicos (sectores liderados desde Europa) lo tienen claro: \u00abEl margen competitivo de la U.E. se basar\u00e1, m\u00e1s que nunca, en la innovaci\u00f3n, la productividad y la transici\u00f3n de la econom\u00eda de la U.E. hacia actividades de mayor tecnolog\u00eda y mayor valor a\u00f1adido\u00bb, (Bert"}